{"id":963,"date":"2023-09-18T16:22:54","date_gmt":"2023-09-18T16:22:54","guid":{"rendered":"https:\/\/terralivha.pt\/?page_id=963"},"modified":"2025-12-15T09:36:55","modified_gmt":"2025-12-15T09:36:55","slug":"vision-et-histoire-du-projet","status":"publish","type":"page","link":"https:\/\/terralivha.pt\/fr\/vision-et-histoire-du-projet\/","title":{"rendered":"Origine\u00a0et\u00a0\u00e9volution\u00a0du\u00a0projet"},"content":{"rendered":"\n<div class=\"wp-block-uagb-container uagb-block-8de9c239 alignfull uagb-is-root-container\"><div class=\"uagb-container-inner-blocks-wrap\">\n<div class=\"wp-block-uagb-advanced-heading uagb-block-99148d6e\"><h1 class=\"uagb-heading-text\">Origine et \u00e9volution du projet<\/h1><\/div>\n<\/div><\/div>\n\n\n\n<div class=\"wp-block-uagb-container uagb-block-b5c3f7c2 alignfull uagb-is-root-container\"><div class=\"uagb-container-inner-blocks-wrap\">\n<p>Ce projet est n\u00e9 d\u2019une vision apparue \u00e0 Quentin lors d\u2019une m\u00e9ditation au d\u00e9but de l\u2019ann\u00e9e 2017, au bord d\u2019une rivi\u00e8re dans les montagnes du sud de l\u2019Espagne.<\/p>\n\n\n\n<p class=\"has-text-align-center has-medium-font-size\" style=\"margin-top:var(--wp--preset--spacing--30);margin-bottom:var(--wp--preset--spacing--60)\"><em><strong>\u00ab&nbsp;Une Terre o\u00f9 chacun peut vivre heureux, en conscience et en harmonie ensemble et avec la nature.&nbsp;\u00bb<\/strong><\/em><\/p>\n\n\n\n<p>\u00c0 partir de l\u00e0, dans l\u2019enthousiasme et un sentiment d\u2019alignement, d&rsquo;autres \u00eatres se sont joints \u00e0 lui \u00e0 travers cette vision qui a aussi pris sens en leurs coeurs. Un projet tr\u00e8s complet en a rapidement d\u00e9coul\u00e9 o\u00f9 nous avons mis en \u0153uvre des moyens concrets pour pouvoir le rendre vivant. Voici les quelques aspects cl\u00e9s qui, selon nous, sont essentiels \u00e0 la r\u00e9ussite de ce projet et qui repr\u00e9sentent un peu les caract\u00e9ristiques de ce futur \u00e9co lieu :<\/p>\n\n\n\n<ul class=\"wp-block-list\">\n<li class=\"has-medium-font-size\"><strong>Les fondations int\u00e9rieures :<\/strong><\/li>\n<\/ul>\n\n\n\n<p style=\"margin-top:var(--wp--preset--spacing--40)\">Comme tous ceux qui se sont d\u00e9j\u00e0 int\u00e9ress\u00e9s \u00e0 des projets d\u2019\u00e9co lieu ou \u00e9co village le savent, le plus difficile n\u2019est pas la construction d\u2019une maison passive, ou la gestion d\u2019une autonomie alimentaire par exemple, mais le facteur humain.<\/p>\n\n\n\n<p style=\"padding-top:0;padding-bottom:0\">C\u2019est ce qu\u2019on appelle ici les fondations int\u00e9rieures. Il est d\u2019abord n\u00e9cessaire de se construire \u00e0 l\u2019int\u00e9rieur avant d\u2019imaginer pouvoir vivre sur une terre en harmonie ensemble.<\/p>\n\n\n\n<p>Ainsi ce projet est inspir\u00e9 des valeurs spirituelles partag\u00e9es par Quentin, communes \u00e0 toute d\u00e9marche d\u2019ouverture du c\u0153ur et de la conscience permettant de vivre en accord avec soi-m\u00eame et son prochain.<\/p>\n\n\n\n<p style=\"margin-top:0;margin-bottom:var(--wp--preset--spacing--50);padding-top:0;padding-bottom:0\">En construisant ce socle int\u00e9rieur stable, 80 \u00e0 90% de la r\u00e9ussite d\u2019un tel projet est d\u00e9j\u00e0 accomplie.<\/p>\n\n\n\n<ul class=\"wp-block-list\">\n<li class=\"has-medium-font-size\"><strong>Une vision concr\u00e8te et ancr\u00e9e&nbsp;:<\/strong><\/li>\n<\/ul>\n\n\n\n<p class=\"has-text-align-left\" style=\"margin-top:var(--wp--preset--spacing--40)\">D\u2019autre part, s\u2019il est indispensable que ce genre de projet s\u2019appuie sur une d\u00e9marche int\u00e9rieure d\u2019ouverture et d&rsquo;\u00e9l\u00e9vation de conscience, nous souhaitons aussi que cela soit vivant dans un \u00e9quilibre entre \u00ab\u00a0le Ciel et la Terre\u00a0\u00bb.<\/p>\n\n\n\n<p style=\"padding-top:0;padding-bottom:0\">Autrement dit, ni dans un extr\u00eame trop perch\u00e9 du style \u201cbaba cool\u201d, en rejet entier du syst\u00e8me sans discernement, ni dans l\u2019autre trop mat\u00e9rialiste ne voyant l\u2019argent que pour l\u2019argent.<\/p>\n\n\n\n<p style=\"margin-bottom:var(--wp--preset--spacing--50)\">Ainsi, nous collaborons avec les autorit\u00e9s locales pour essayer de faire \u00e9voluer les choses afin que de plus en plus de projets d&rsquo;\u00e9co-lieu, collectifs et d\u2019entre-aide de fa\u00e7on g\u00e9n\u00e9rale puissent se d\u00e9velopper et \u00eatre soutenus.<\/p>\n\n\n\n<ul class=\"wp-block-list\">\n<li class=\"has-medium-font-size\"><strong>Co cr\u00e9er, partager, redistribuer, transmettre&nbsp;:<\/strong><\/li>\n<\/ul>\n\n\n\n<p style=\"margin-top:var(--wp--preset--spacing--40)\">L\u2019\u00e9co lieu est vu aussi comme un laboratoire \u00e0 ciel ouvert. Nous souhaitons partager et transmettre les apprentissages, exp\u00e9riences et connaissances au niveau de la vie ensemble, l\u2019\u00e9panouissement personnel et collectif, la permaculture, l\u2019\u00e9cologie, la construction \u00e9cologique, la gestion de l\u2019eau et des ressources d&rsquo;\u00e9nergies, etc.<\/p>\n\n\n\n<p style=\"padding-top:0;padding-bottom:0\">Nous souhaitons que ce soit un lieu o\u00f9 chacun peut trouver sa place et d\u00e9velopper, \u00e9panouir ses qualit\u00e9s singuli\u00e8res tout en renfor\u00e7ant et faisant grandir le collectif.<\/p>\n\n\n\n<p>Selon nous, la seule fa\u00e7on de pouvoir vivre en harmonie ensemble et ainsi d\u2019\u00e9voluer vers une soci\u00e9t\u00e9 plus consciente est de cr\u00e9er une harmonie dans le collectif gr\u00e2ce \u00e0 l\u2019\u00e9coute, \u00e0 l\u2019ouverture et l\u2019\u00e9panouissement de chaque \u00eatre qui en fait partie. Et cela commence bien s\u00fbr par une ouverture envers soi-m\u00eame pour pouvoir accueillir les autres et \u00e9couter ce qui nous rend vraiment heureux.<\/p>\n\n\n\n<h2 class=\"wp-block-heading\" style=\"font-size:25px\"><strong>\u00c9volution du projet en quelques dates cl\u00e9s :<\/strong><\/h2>\n\n\n\n<ul class=\"wp-block-list\">\n<li><strong>2017&nbsp;<\/strong>: Naissance de la vision du projet et recherche d\u2019un terrain dans les montagnes du sud de l\u2019Espagne dans les mois qui ont suivi.<\/li>\n<\/ul>\n\n\n\n<ul class=\"wp-block-list\">\n<li><strong>2018\u00a0<\/strong>: Apr\u00e8s des recherches en vain dans le Sud de l\u2019Espagne, recherche d\u2019un terrain au Portugal, principalement dans la r\u00e9gion du Sud de l&rsquo;Alentejo.<\/li>\n<\/ul>\n\n\n\n<ul class=\"wp-block-list\">\n<li><strong>Juin 2019<\/strong>\u00a0: Terrain de 80 hectares trouv\u00e9 au Portugal, pr\u00e8s de Garv\u00e3o et Santa Luzia (commune d&rsquo;Ourique)<\/li>\n<\/ul>\n\n\n\n<ul class=\"wp-block-list\">\n<li><strong>Septembre 2019<\/strong>&nbsp;: Pr\u00e9sentation du projet \u00e0 la communaut\u00e9 int\u00e9ress\u00e9e et r\u00e9colte des premi\u00e8res donations en vue de l\u2019achat.<\/li>\n<\/ul>\n\n\n\n<ul class=\"wp-block-list\">\n<li><strong>Novembre 2019<\/strong>&nbsp;: Travail sur la r\u00e9alisation de futurs lacs naturels potentiels durant une semaine sur le terrain, avec \u00e9tude des sols (Le terrain n&rsquo;est pas encore achet\u00e9 mais nous avons l&rsquo;accord pr\u00e9alable du propri\u00e9taire pour effectuer ces premiers travaux qui donnent une direction sur la faisabilit\u00e9 du projet ou non, et cela s&rsquo;est av\u00e9r\u00e9 tr\u00e8s positif \ud83d\ude42 ). &nbsp;<\/li>\n<\/ul>\n\n\n\n<ul class=\"wp-block-list\">\n<li><strong>Mars 2020<\/strong>&nbsp;: Cr\u00e9ation de l\u2019association portugaise Living Harmony.<\/li>\n<\/ul>\n\n\n\n<ul class=\"wp-block-list\">\n<li><strong>De mars 2020 jusqu\u2019\u00e0 2021<\/strong> : Travail avec des architectes, avocats et la municipalit\u00e9 pour pr\u00e9senter le projet d\u2019\u00e9co lieu avec accueil d\u2019une activit\u00e9 touristique.<\/li>\n<\/ul>\n\n\n\n<ul class=\"wp-block-list\">\n<li><strong>Septembre 2021 <\/strong>: Difficult\u00e9 d\u2019arriver \u00e0 un accord avec le propri\u00e9taire du terrain et notre agent immobilier nous conseille d\u2019abandonner.<\/li>\n<\/ul>\n\n\n\n<ul class=\"wp-block-list\">\n<li><strong>Novembre 2021<\/strong>&nbsp;: Accord finalement trouv\u00e9 avec le propri\u00e9taire, possibilit\u00e9 d\u2019acheter le terrain en 2 fois sur 2 ans, \u00e0 condition que la mairie accepte que l\u2019on puisse faire le projet d\u2019\u00e9co lieu dessus.<\/li>\n<\/ul>\n\n\n\n<ul class=\"wp-block-list\">\n<li><strong>Avril 2022<\/strong> : La mairie accepte le projet \u00e0 notre grande joie. Elle est aussi tr\u00e8s enthousiaste et dans l\u2019accueil par rapport \u00e0 notre souhait de redynamiser cette zone rurale, de restaurer la nature, d\u2019attirer un tourisme vert et de faire toutes ces initiatives porteuses pour l\u2019avenir qui vont dans le sens de ce que souhaite aussi la r\u00e9gion.<\/li>\n<\/ul>\n\n\n\n<p style=\"padding-top:0;padding-bottom:0\">Nous avons la permission de construire suffisamment pour permettre la r\u00e9alisation de l\u2019ensemble du projet et cela rend donc possible de d\u00e9velopper un \u00e9co lieu qui peut accueillir plus d\u2019une centaine de r\u00e9sidents (familles &#8211; enfants &#8211; personnes \u00e2g\u00e9es) ainsi qu\u2019un centre d\u2019accueil pour des \u00e9v\u00e9nements, des s\u00e9jours courts et longues dur\u00e9es ainsi que de nombreuses activit\u00e9s comme de la restauration ou de la cr\u00e9ation, transformation et vente de produits artisanaux.<\/p>\n\n\n\n<ul class=\"wp-block-list\">\n<li><strong>Avril 2022<\/strong> : R\u00e9colte des dons suffisante pour honorer le r\u00e8glement de la premi\u00e8re moiti\u00e9 du prix d\u2019achat du terrain.<\/li>\n<\/ul>\n\n\n\n<ul class=\"wp-block-list\">\n<li><strong>Juin 2022<\/strong> : D\u00e9cision de Pureza de travailler \u00e0 plein temps pour l\u2019association Living Harmony, une personne portugaise rencontr\u00e9e 6 mois plus t\u00f4t et qui nous aide d\u00e9sormais avec enthousiasme et c\u0153ur \u00e0 d\u00e9velopper le projet.<\/li>\n<\/ul>\n\n\n\n<ul class=\"wp-block-list\">\n<li><strong>Septembre 2022 <\/strong>: 1\u00e8re semaine pass\u00e9e en camping directement sur le terrain avec une quinzaine d\u2019\u00eatres en r\u00e9sonance avec le projet. Une magnifique exp\u00e9rience.<\/li>\n<\/ul>\n\n\n\n<ul class=\"wp-block-list\">\n<li><strong>D&rsquo;octobre \u00e0 d\u00e9cembre 2022 <\/strong>: D\u00e9couverte des autres projets dans la r\u00e9gion, de plus en plus de liens et de r\u00e9seaux se construisent.<\/li>\n\n\n\n<li><strong>Avril 2023<\/strong>&nbsp;: Signature de l\u2019achat du terrain \u00e0 la grande joie de toute la communaut\u00e9 qui est arriv\u00e9e \u00e0 le financer.<\/li>\n<\/ul>\n\n\n\n<ul class=\"wp-block-list\">\n<li><strong>De janvier 2023 jusqu\u2019\u00e0 aujourd\u2019hui <\/strong>: Le r\u00e9seau dans la r\u00e9gion a continu\u00e9 \u00e0 se d\u00e9velopper, des contacts et des synergies se forment de plus en plus avec d\u2019autres associations et projets similaires ou compl\u00e9mentaires.<\/li>\n<\/ul>\n\n\n\n<p style=\"padding-top:0;padding-bottom:0\">Une tr\u00e8s belle \u00e9quipe s\u2019est form\u00e9e avec un expert en permaculture et en pr\u00e9servation des \u00e9cosyst\u00e8mes pr\u00e9sents dans la r\u00e9gion face aux changements climatiques.&nbsp;Il est accompagn\u00e9 de plusieurs \u00eatres chacun dot\u00e9s d&rsquo;une sensibilit\u00e9 et d&rsquo;une intelligence de la nature toutes plus brillantes les unes que les autres, ce qui est tr\u00e8s inspirant, coh\u00e9rent et riche d&rsquo;apprentissage. <\/p>\n\n\n\n<p>D&rsquo;autre part, un architecte tr\u00e8s exp\u00e9riment\u00e9 nous a rejoint dans ce projet, en l&rsquo;enrichissant de&nbsp;son expertise issue de parcours pass\u00e9 \u00e0 d\u00e9velopper toutes les formes de construction en terre (mat\u00e9riau choisi avec le bois).&nbsp;<\/p>\n\n\n\n<p class=\"has-text-align-center has-medium-font-size\" style=\"padding-top:var(--wp--preset--spacing--20);padding-bottom:var(--wp--preset--spacing--20)\"><em><strong>L\u2019aventure continue\u2026<\/strong><\/em><\/p>\n\n\n\n<p><strong>En cours : <\/strong><\/p>\n\n\n\n<ul class=\"wp-block-list\">\n<li>Travail sur les plans de r\u00e9novation et d\u2019extension de la ruine en vue d\u2019un premier centre d\u2019activit\u00e9 et d\u2019accueil, qui servira de base pour d\u00e9velopper le reste du projet.<\/li>\n<\/ul>\n\n\n\n<ul class=\"wp-block-list\">\n<li>Installation d&rsquo;une location dans la r\u00e9gion pour accueillir des volontaires en tournante \u00e0 l\u2019ann\u00e9e qui souhaitent mettre la main \u00e0 la patte pour aider \u00e0 d\u00e9velopper le projet.<\/li>\n<\/ul>\n\n\n\n<ul class=\"wp-block-list\">\n<li>Plan de r\u00e9g\u00e9n\u00e9ration des sols, de plantations de certaines esp\u00e8ces sp\u00e9cifiques selon les zones du terrain, d\u2019\u00e9lagage et de protection de la flore existante, cr\u00e9ation d\u2019un lac naturel et protection du lac existant, restauration des routes et des chemins.<\/li>\n<\/ul>\n<\/div><\/div>\n\n\n\n<p><\/p>\n\n\n\n<div class=\"wp-block-uagb-container uagb-block-3dbbd520 alignfull uagb-is-root-container\"><div class=\"uagb-container-inner-blocks-wrap\"><\/div><\/div>\n","protected":false},"excerpt":{"rendered":"<p>Origine et \u00e9volution du projet Ce projet est n\u00e9 d\u2019une vision apparue \u00e0 Quentin lors d\u2019une m\u00e9ditation au d\u00e9but de l\u2019ann\u00e9e 2017, au bord d\u2019une rivi\u00e8re dans les montagnes du sud de l\u2019Espagne. \u00ab&nbsp;Une Terre o\u00f9 chacun peut vivre heureux, en conscience et en harmonie ensemble et avec la nature.&nbsp;\u00bb \u00c0 partir de l\u00e0, dans [&hellip;]<\/p>\n","protected":false},"author":1,"featured_media":0,"parent":0,"menu_order":0,"comment_status":"closed","ping_status":"closed","template":"","meta":{"_uag_custom_page_level_css":"","site-sidebar-layout":"default","site-content-layout":"","ast-site-content-layout":"default","site-content-style":"default","site-sidebar-style":"default","ast-global-header-display":"","ast-banner-title-visibility":"","ast-main-header-display":"","ast-hfb-above-header-display":"","ast-hfb-below-header-display":"","ast-hfb-mobile-header-display":"","site-post-title":"disabled","ast-breadcrumbs-content":"","ast-featured-img":"","footer-sml-layout":"","ast-disable-related-posts":"","theme-transparent-header-meta":"","adv-header-id-meta":"","stick-header-meta":"","header-above-stick-meta":"","header-main-stick-meta":"","header-below-stick-meta":"","astra-migrate-meta-layouts":"set","ast-page-background-enabled":"default","ast-page-background-meta":{"desktop":{"background-color":"var(--ast-global-color-4)","background-image":"","background-repeat":"repeat","background-position":"center center","background-size":"auto","background-attachment":"scroll","background-type":"","background-media":"","overlay-type":"","overlay-color":"","overlay-opacity":"","overlay-gradient":""},"tablet":{"background-color":"","background-image":"","background-repeat":"repeat","background-position":"center center","background-size":"auto","background-attachment":"scroll","background-type":"","background-media":"","overlay-type":"","overlay-color":"","overlay-opacity":"","overlay-gradient":""},"mobile":{"background-color":"","background-image":"","background-repeat":"repeat","background-position":"center center","background-size":"auto","background-attachment":"scroll","background-type":"","background-media":"","overlay-type":"","overlay-color":"","overlay-opacity":"","overlay-gradient":""}},"ast-content-background-meta":{"desktop":{"background-color":"var(--ast-global-color-5)","background-image":"","background-repeat":"repeat","background-position":"center center","background-size":"auto","background-attachment":"scroll","background-type":"","background-media":"","overlay-type":"","overlay-color":"","overlay-opacity":"","overlay-gradient":""},"tablet":{"background-color":"var(--ast-global-color-5)","background-image":"","background-repeat":"repeat","background-position":"center center","background-size":"auto","background-attachment":"scroll","background-type":"","background-media":"","overlay-type":"","overlay-color":"","overlay-opacity":"","overlay-gradient":""},"mobile":{"background-color":"var(--ast-global-color-5)","background-image":"","background-repeat":"repeat","background-position":"center center","background-size":"auto","background-attachment":"scroll","background-type":"","background-media":"","overlay-type":"","overlay-color":"","overlay-opacity":"","overlay-gradient":""}},"footnotes":""},"class_list":["post-963","page","type-page","status-publish","hentry"],"uagb_featured_image_src":{"full":false,"thumbnail":false,"medium":false,"medium_large":false,"large":false,"1536x1536":false,"2048x2048":false},"uagb_author_info":{"display_name":"livaTeradm99","author_link":"https:\/\/terralivha.pt\/fr\/author\/livateradm99\/"},"uagb_comment_info":0,"uagb_excerpt":"Origine et \u00e9volution du projet Ce projet est n\u00e9 d\u2019une vision apparue \u00e0 Quentin lors d\u2019une m\u00e9ditation au d\u00e9but de l\u2019ann\u00e9e 2017, au bord d\u2019une rivi\u00e8re dans les montagnes du sud de l\u2019Espagne. \u00ab&nbsp;Une Terre o\u00f9 chacun peut vivre heureux, en conscience et en harmonie ensemble et avec la nature.&nbsp;\u00bb \u00c0 partir de l\u00e0, dans\u2026","_links":{"self":[{"href":"https:\/\/terralivha.pt\/fr\/wp-json\/wp\/v2\/pages\/963","targetHints":{"allow":["GET"]}}],"collection":[{"href":"https:\/\/terralivha.pt\/fr\/wp-json\/wp\/v2\/pages"}],"about":[{"href":"https:\/\/terralivha.pt\/fr\/wp-json\/wp\/v2\/types\/page"}],"author":[{"embeddable":true,"href":"https:\/\/terralivha.pt\/fr\/wp-json\/wp\/v2\/users\/1"}],"replies":[{"embeddable":true,"href":"https:\/\/terralivha.pt\/fr\/wp-json\/wp\/v2\/comments?post=963"}],"version-history":[{"count":68,"href":"https:\/\/terralivha.pt\/fr\/wp-json\/wp\/v2\/pages\/963\/revisions"}],"predecessor-version":[{"id":3696,"href":"https:\/\/terralivha.pt\/fr\/wp-json\/wp\/v2\/pages\/963\/revisions\/3696"}],"wp:attachment":[{"href":"https:\/\/terralivha.pt\/fr\/wp-json\/wp\/v2\/media?parent=963"}],"curies":[{"name":"wp","href":"https:\/\/api.w.org\/{rel}","templated":true}]}}