{"id":2096,"date":"2023-09-18T16:02:14","date_gmt":"2023-09-18T16:02:14","guid":{"rendered":"https:\/\/terralivha.pt\/a-equipa\/"},"modified":"2025-04-28T10:13:21","modified_gmt":"2025-04-28T10:13:21","slug":"a-equipa","status":"publish","type":"page","link":"https:\/\/terralivha.pt\/pt-pt\/a-equipa\/","title":{"rendered":"A Equipa"},"content":{"rendered":"\n<div class=\"wp-block-uagb-container uagb-block-8de9c239 alignfull uagb-is-root-container\"><div class=\"uagb-container-inner-blocks-wrap\">\n<div class=\"wp-block-uagb-advanced-heading uagb-block-99148d6e\"><h1 class=\"uagb-heading-text\">A Equipa<\/h1><\/div>\n<\/div><\/div>\n\n\n\n<div class=\"wp-block-uagb-container uagb-block-7f592ab7 alignfull uagb-is-root-container\"><div class=\"uagb-container-inner-blocks-wrap\">\n<p class=\"has-text-align-center has-medium-font-size\"><strong>Os fundadores:<\/strong><\/p>\n\n\n\n<div class=\"wp-block-columns is-layout-flex wp-container-core-columns-is-layout-8351d469 wp-block-columns-is-layout-flex\" style=\"margin-bottom:var(--wp--preset--spacing--50)\">\n<div class=\"wp-block-column is-layout-flow wp-block-column-is-layout-flow\" style=\"flex-basis:13%\">\n<div class=\"wp-block-uagb-image uagb-block-566dccb7 wp-block-uagb-image--layout-default wp-block-uagb-image--effect-static wp-block-uagb-image--align-none\"><figure class=\"wp-block-uagb-image__figure\"><img decoding=\"async\" srcset=\"https:\/\/terralivha.pt\/wp-content\/uploads\/2023\/12\/miniature_Quentin-small-1.jpg ,https:\/\/terralivha.pt\/wp-content\/uploads\/2023\/12\/miniature_Quentin-small-1.jpg 780w, https:\/\/terralivha.pt\/wp-content\/uploads\/2023\/12\/miniature_Quentin-small-1.jpg 360w\" sizes=\"auto, (max-width: 480px) 150px\" src=\"https:\/\/terralivha.pt\/wp-content\/uploads\/2023\/12\/miniature_Quentin-small-1.jpg\" alt=\"\" class=\"uag-image-1187\" width=\"240\" height=\"239\" title=\"\" loading=\"lazy\" role=\"img\"\/><\/figure><\/div>\n<\/div>\n\n\n\n<div class=\"wp-block-column is-vertically-aligned-center is-layout-flow wp-block-column-is-layout-flow\" style=\"flex-basis:80%\">\n<p class=\"has-text-align-left\"><strong>Quentin<\/strong>: \u00c9 a origem do projeto. Ele acompanha, com benevol\u00eancia, as pessoas num caminho de auto-conhecimento e de abertura a si mesmo e aos outros.<\/p>\n<\/div>\n<\/div>\n\n\n\n<div class=\"wp-block-columns is-layout-flex wp-container-core-columns-is-layout-8351d469 wp-block-columns-is-layout-flex\" style=\"margin-bottom:var(--wp--preset--spacing--50)\">\n<div class=\"wp-block-column is-layout-flow wp-block-column-is-layout-flow\" style=\"flex-basis:13%\">\n<div class=\"wp-block-uagb-image uagb-block-194fa527 wp-block-uagb-image--layout-default wp-block-uagb-image--effect-static wp-block-uagb-image--align-none\"><figure class=\"wp-block-uagb-image__figure\"><img decoding=\"async\" srcset=\"https:\/\/terralivha.pt\/wp-content\/uploads\/2023\/12\/meriam-1-1016x1024.jpg ,https:\/\/terralivha.pt\/wp-content\/uploads\/2023\/12\/meriam-1.jpg 780w, https:\/\/terralivha.pt\/wp-content\/uploads\/2023\/12\/meriam-1-1016x1024.jpg 360w\" sizes=\"auto, (max-width: 480px) 150px\" src=\"https:\/\/terralivha.pt\/wp-content\/uploads\/2023\/12\/meriam-1-1016x1024.jpg\" alt=\"\" class=\"uag-image-1189\" width=\"240\" height=\"160\" title=\"\" loading=\"lazy\" role=\"img\"\/><\/figure><\/div>\n<\/div>\n\n\n\n<div class=\"wp-block-column is-vertically-aligned-center is-layout-flow wp-block-column-is-layout-flow\" style=\"flex-basis:80%\">\n<p class=\"has-text-align-left\"><strong>Meriam:<\/strong> Partilhando valores do cora\u00e7\u00e3o e da consci\u00eancia, ajuda os seres a ouvirem-se a si pr\u00f3prios e a alinharem-se com o seu caminho atrav\u00e9s da sua sensibilidade e criatividade femininas.<\/p>\n<\/div>\n<\/div>\n\n\n\n<div class=\"wp-block-columns is-layout-flex wp-container-core-columns-is-layout-8351d469 wp-block-columns-is-layout-flex\" style=\"margin-bottom:var(--wp--preset--spacing--50)\">\n<div class=\"wp-block-column is-layout-flow wp-block-column-is-layout-flow\" style=\"flex-basis:13%\">\n<div class=\"wp-block-uagb-image uagb-block-833e13a7 wp-block-uagb-image--layout-default wp-block-uagb-image--effect-static wp-block-uagb-image--align-none\"><figure class=\"wp-block-uagb-image__figure\"><img decoding=\"async\" srcset=\"https:\/\/terralivha.pt\/wp-content\/uploads\/2023\/12\/miniature_Cyrille-small.jpg ,https:\/\/terralivha.pt\/wp-content\/uploads\/2023\/12\/miniature_Cyrille-small.jpg 780w, https:\/\/terralivha.pt\/wp-content\/uploads\/2023\/12\/miniature_Cyrille-small.jpg 360w\" sizes=\"auto, (max-width: 480px) 150px\" src=\"https:\/\/terralivha.pt\/wp-content\/uploads\/2023\/12\/miniature_Cyrille-small.jpg\" alt=\"\" class=\"uag-image-1194\" width=\"240\" height=\"160\" title=\"\" loading=\"lazy\" role=\"img\"\/><\/figure><\/div>\n<\/div>\n\n\n\n<div class=\"wp-block-column is-vertically-aligned-center is-layout-flow wp-block-column-is-layout-flow\" style=\"flex-basis:80%\">\n<p class=\"has-text-align-left\"><strong>Cyrille<\/strong>: Presente desde o in\u00edcio do projeto, contribui com os seus m\u00faltiplos talentos, tanto art\u00edsticos como t\u00e9cnicos. \u00c9 uma pe\u00e7a preciosa para o desenvolvimento do projeto.<\/p>\n<\/div>\n<\/div>\n\n\n\n<p class=\"has-text-align-center has-medium-font-size\" style=\"margin-top:var(--wp--preset--spacing--60)\"><strong>A comunidade: <\/strong><\/p>\n\n\n\n<p>Uma comunidade em crescimento, entusiasmada com este projeto e a ajudar de v\u00e1rias formas na sua implementa\u00e7\u00e3o e desenvolvimento. <em>Um grande obrigado a todos os que j\u00e1 participaram nesta maravilhosa aventura e aos que se v\u00e3o juntar a n\u00f3s<\/em> \ud83d\ude4f<\/p>\n\n\n\n<div class=\"wp-block-uagb-image uagb-block-419e6c4b wp-block-uagb-image--layout-default wp-block-uagb-image--effect-static wp-block-uagb-image--align-none\"><figure class=\"wp-block-uagb-image__figure\"><img decoding=\"async\" srcset=\"https:\/\/terralivha.pt\/wp-content\/uploads\/2023\/12\/communaute.png ,https:\/\/terralivha.pt\/wp-content\/uploads\/2023\/12\/communaute-1024x434.png 780w, https:\/\/terralivha.pt\/wp-content\/uploads\/2023\/12\/communaute-1024x434.png 360w\" sizes=\"auto, (max-width: 480px) 150px\" src=\"https:\/\/terralivha.pt\/wp-content\/uploads\/2023\/12\/communaute.png\" alt=\"\" class=\"uag-image-1199\" width=\"1920\" height=\"813\" title=\"\" loading=\"lazy\" role=\"img\"\/><\/figure><\/div>\n\n\n\n<p class=\"has-text-align-center has-medium-font-size\" style=\"margin-top:var(--wp--preset--spacing--70)\"><strong>Os nossos parceiros: <\/strong><\/p>\n\n\n\n<p><strong>Andr\u00e9 Vizinho<\/strong>: Especialista na conserva\u00e7\u00e3o e regenera\u00e7\u00e3o da natureza, com uma vasta experi\u00eancia nos dom\u00ednios agroflorestais, de permacultura, da gest\u00e3o e equil\u00edbrio da biodiversidade, da gest\u00e3o da \u00e1gua e da cria\u00e7\u00e3o de um ecossistema completo. O Andr\u00e9 estudou profundamente os ecossistemas da regi\u00e3o do Alentejo, e os desafios que enfrentam face \u00e0s altera\u00e7\u00f5es clim\u00e1ticas.<\/p>\n\n\n\n<p>Foi o investigador respons\u00e1vel pelo projeto LIFE Montado-Adapt, e colabora com v\u00e1rios programas e organismos, entre os quais o projeto Pastagens Regenerativas, no qual particip\u00e1mos parcialmente, e que tem como objetivo estudar, implementar e monitorizar formas mais sustent\u00e1veis de gerir e de melhorar uma paisagem muito sofrida por v\u00e1rios erros humanos feitos no passado.<\/p>\n\n\n\n<p><strong>Miguel Ferreira Mendes<\/strong>: Arquiteto de cora\u00e7\u00e3o e com uma vasta experi\u00eancia em constru\u00e7\u00e3o ecol\u00f3gica e constru\u00e7\u00e3o em terra (a nossa principal escolha de materiais de constru\u00e7\u00e3o). Tem projetos por todo o mundo, onde quer que o cora\u00e7\u00e3o o leve. Trabalha em conjunto com outros arquitetos, engenheiros e artistas da comunidade que j\u00e1 est\u00e3o envolvidos nos v\u00e1rios planos para o projeto iniciado pelo Quentin.<\/p>\n\n\n\n<p>Ele \u00e9 um dos fundadores da Associa\u00e7\u00e3o Centro da Terra e \u00e9 membro da Associa\u00e7\u00e3o CRAterre. <\/p>\n\n\n\n<p><strong>Zachary Weiss<\/strong> (Elemental Ecosystem): Zach teve como seu mentor Sepp Holzer e ainda mant\u00e9m uma rela\u00e7\u00e3o pr\u00f3xima com ele. Sepp \u00e9 o homem por detr\u00e1s de uma das maiores quintas ecol\u00f3gicas de permacultura da Europa, situada na \u00c1ustria, onde, a mais de 1.000 metros de altitude, consegue cultivar plantas consideradas extremamente dif\u00edceis para aquele clima, entre elas, cerejeiras. A sua filosofia baseia-se, sobretudo, na cria\u00e7\u00e3o de lagos integrados na paisagem, o que permite criar microclimas e ecossistemas saud\u00e1veis, que contribuem para aparecimento e a acumula\u00e7\u00e3o de \u00e1gua na paisagem. O Zach veio ajudar-nos com os primeiros estudos do solo, mesmo antes de comprarmos o terreno, para verificar as hip\u00f3teses de cria\u00e7\u00e3o de potenciais lagos, e para nos ajudar com solu\u00e7\u00f5es para a gest\u00e3o da \u00e1gua. Continuamos a mant\u00ea-lo, a ele e \u00e0 sua equipa, a par do progresso do nosso projeto. <\/p>\n\n\n\n<p><strong>VdA<\/strong> \u2013 Vieira de Almeida: Uma equipa din\u00e2mica de advogados, incluindo um especialista em direitos humanos que ajuda a associa\u00e7\u00e3o e o projeto a assentar em bases jur\u00eddicas s\u00f3lidas. Isto permite-nos avan\u00e7ar em colabora\u00e7\u00e3o com as autoridades, e ajuda-nos a encontrar solu\u00e7\u00f5es para encorajar projetos semelhantes, que contribuem para apoiar a ecologia em geral, tendo em conta o elemento humano como elemento central.<\/p>\n\n\n\n<p><strong>Outras parcerias<\/strong>: Temos acordos com explora\u00e7\u00f5es vizinhas, que contribuem para o desenvolvimento do nosso projeto atrav\u00e9s de trocas ben\u00e9ficas para ambas as partes, como o empr\u00e9stimo de m\u00e1quinas, a disponibiliza\u00e7\u00e3o de ovelhas para gerir alguma vegeta\u00e7\u00e3o do terreno e trocas de v\u00e1rios outros servi\u00e7os. <\/p>\n\n\n\n<p class=\"has-text-align-center\" style=\"margin-top:var(--wp--preset--spacing--70)\"><strong>Projetos inspiradores: <\/strong><\/p>\n\n\n\n<p>Visit\u00e1mos alguns projetos, com os quais nos mantemos em contacto, que exploram diferentes \u00e1reas que queremos implementar neste terreno: <\/p>\n\n\n\n<p><strong>Herdade do Freixo do Meio<\/strong> : <a href=\"https:\/\/freixodomeio.pt\/\" target=\"_blank\" rel=\"noreferrer noopener\">https:\/\/freixodomeio.pt\/<\/a><\/p>\n\n\n\n<p><strong>Terra Sintr\u00f3pica<\/strong> : <a href=\"https:\/\/terrasintropica.com\/\" target=\"_blank\" rel=\"noreferrer noopener\">https:\/\/terrasintropica.com\/<\/a><\/p>\n\n\n\n<p><strong>Biovilla<\/strong> : <a href=\"https:\/\/biovilla.org\/\" target=\"_blank\" rel=\"noreferrer noopener\">https:\/\/biovilla.org\/<\/a><\/p>\n\n\n\n<p>&nbsp;&nbsp;&nbsp;&nbsp;&nbsp;&nbsp;&nbsp;&nbsp;&nbsp;&nbsp;&nbsp;&nbsp;&nbsp;&nbsp;&nbsp;&nbsp;&nbsp;&nbsp;&nbsp;&nbsp;&nbsp;&nbsp;&nbsp;&nbsp;&nbsp;&nbsp;&nbsp;&nbsp;&nbsp;&nbsp;&nbsp;&nbsp;&nbsp;&nbsp; <\/p>\n\n\n\n<p>&nbsp;&nbsp;&nbsp;&nbsp;&nbsp;&nbsp;&nbsp;&nbsp;&nbsp;&nbsp;&nbsp;&nbsp;&nbsp;&nbsp;&nbsp;&nbsp;&nbsp;&nbsp;&nbsp;&nbsp;&nbsp;&nbsp;&nbsp;&nbsp;&nbsp;&nbsp;&nbsp;&nbsp;&nbsp;&nbsp;&nbsp;&nbsp;&nbsp;&nbsp; <\/p>\n<\/div><\/div>\n","protected":false},"excerpt":{"rendered":"<p>A Equipa Os fundadores: Quentin: \u00c9 a origem do projeto. Ele acompanha, com benevol\u00eancia, as pessoas num caminho de auto-conhecimento e de abertura a si mesmo e aos outros. Meriam: Partilhando valores do cora\u00e7\u00e3o e da consci\u00eancia, ajuda os seres a ouvirem-se a si pr\u00f3prios e a alinharem-se com o seu caminho atrav\u00e9s da sua [&hellip;]<\/p>\n","protected":false},"author":1,"featured_media":0,"parent":0,"menu_order":0,"comment_status":"closed","ping_status":"closed","template":"","meta":{"_uag_custom_page_level_css":"","site-sidebar-layout":"default","site-content-layout":"","ast-site-content-layout":"default","site-content-style":"default","site-sidebar-style":"default","ast-global-header-display":"","ast-banner-title-visibility":"","ast-main-header-display":"","ast-hfb-above-header-display":"","ast-hfb-below-header-display":"","ast-hfb-mobile-header-display":"","site-post-title":"disabled","ast-breadcrumbs-content":"","ast-featured-img":"","footer-sml-layout":"","ast-disable-related-posts":"","theme-transparent-header-meta":"","adv-header-id-meta":"","stick-header-meta":"","header-above-stick-meta":"","header-main-stick-meta":"","header-below-stick-meta":"","astra-migrate-meta-layouts":"set","ast-page-background-enabled":"default","ast-page-background-meta":{"desktop":{"background-color":"var(--ast-global-color-4)","background-image":"","background-repeat":"repeat","background-position":"center center","background-size":"auto","background-attachment":"scroll","background-type":"","background-media":"","overlay-type":"","overlay-color":"","overlay-opacity":"","overlay-gradient":""},"tablet":{"background-color":"","background-image":"","background-repeat":"repeat","background-position":"center center","background-size":"auto","background-attachment":"scroll","background-type":"","background-media":"","overlay-type":"","overlay-color":"","overlay-opacity":"","overlay-gradient":""},"mobile":{"background-color":"","background-image":"","background-repeat":"repeat","background-position":"center center","background-size":"auto","background-attachment":"scroll","background-type":"","background-media":"","overlay-type":"","overlay-color":"","overlay-opacity":"","overlay-gradient":""}},"ast-content-background-meta":{"desktop":{"background-color":"var(--ast-global-color-5)","background-image":"","background-repeat":"repeat","background-position":"center center","background-size":"auto","background-attachment":"scroll","background-type":"","background-media":"","overlay-type":"","overlay-color":"","overlay-opacity":"","overlay-gradient":""},"tablet":{"background-color":"var(--ast-global-color-5)","background-image":"","background-repeat":"repeat","background-position":"center center","background-size":"auto","background-attachment":"scroll","background-type":"","background-media":"","overlay-type":"","overlay-color":"","overlay-opacity":"","overlay-gradient":""},"mobile":{"background-color":"var(--ast-global-color-5)","background-image":"","background-repeat":"repeat","background-position":"center center","background-size":"auto","background-attachment":"scroll","background-type":"","background-media":"","overlay-type":"","overlay-color":"","overlay-opacity":"","overlay-gradient":""}},"footnotes":""},"class_list":["post-2096","page","type-page","status-publish","hentry"],"uagb_featured_image_src":{"full":false,"thumbnail":false,"medium":false,"medium_large":false,"large":false,"1536x1536":false,"2048x2048":false},"uagb_author_info":{"display_name":"livaTeradm99","author_link":"https:\/\/terralivha.pt\/pt-pt\/author\/livateradm99\/"},"uagb_comment_info":0,"uagb_excerpt":"A Equipa Os fundadores: Quentin: \u00c9 a origem do projeto. Ele acompanha, com benevol\u00eancia, as pessoas num caminho de auto-conhecimento e de abertura a si mesmo e aos outros. Meriam: Partilhando valores do cora\u00e7\u00e3o e da consci\u00eancia, ajuda os seres a ouvirem-se a si pr\u00f3prios e a alinharem-se com o seu caminho atrav\u00e9s da sua&hellip;","_links":{"self":[{"href":"https:\/\/terralivha.pt\/pt-pt\/wp-json\/wp\/v2\/pages\/2096","targetHints":{"allow":["GET"]}}],"collection":[{"href":"https:\/\/terralivha.pt\/pt-pt\/wp-json\/wp\/v2\/pages"}],"about":[{"href":"https:\/\/terralivha.pt\/pt-pt\/wp-json\/wp\/v2\/types\/page"}],"author":[{"embeddable":true,"href":"https:\/\/terralivha.pt\/pt-pt\/wp-json\/wp\/v2\/users\/1"}],"replies":[{"embeddable":true,"href":"https:\/\/terralivha.pt\/pt-pt\/wp-json\/wp\/v2\/comments?post=2096"}],"version-history":[{"count":4,"href":"https:\/\/terralivha.pt\/pt-pt\/wp-json\/wp\/v2\/pages\/2096\/revisions"}],"predecessor-version":[{"id":3180,"href":"https:\/\/terralivha.pt\/pt-pt\/wp-json\/wp\/v2\/pages\/2096\/revisions\/3180"}],"wp:attachment":[{"href":"https:\/\/terralivha.pt\/pt-pt\/wp-json\/wp\/v2\/media?parent=2096"}],"curies":[{"name":"wp","href":"https:\/\/api.w.org\/{rel}","templated":true}]}}