{"id":2103,"date":"2022-10-17T07:03:13","date_gmt":"2022-10-17T07:03:13","guid":{"rendered":"https:\/\/terralivha.pt\/home\/"},"modified":"2024-01-20T17:16:24","modified_gmt":"2024-01-20T17:16:24","slug":"home","status":"publish","type":"page","link":"https:\/\/terralivha.pt\/pt-pt\/","title":{"rendered":"Home"},"content":{"rendered":"\n<div class=\"wp-block-uagb-container uagb-block-597c3f26 alignfull uagb-is-root-container\"><div class=\"uagb-container__video-wrap\"><video autoplay loop muted playsinline><source src=\"https:\/\/terralivha.pt\/wp-content\/uploads\/2023\/09\/2-extraitdrone-1080p-TEST-VIDE-ENTETE-plus-lngue.mp4\" type=\"video\/mp4\"\/><\/video><\/div>\n<div class=\"wp-block-uagb-advanced-heading uagb-block-48feaf01\"><h1 class=\"uagb-heading-text\">Terra Livha<\/h1><\/div>\n\n\n\n<div class=\"wp-block-uagb-info-box uagb-block-0a04dde5 uagb-infobox__content-wrap  uagb-infobox-icon-above-title uagb-infobox-image-valign-top\"><div class=\"uagb-ifb-content\"><div class=\"uagb-ifb-title-wrap\"><h2 class=\"uagb-ifb-title\"> Uma ecovila no sul de Portugal<\/h2><\/div><div class=\"uagb-ifb-button-wrapper wp-block-button\"><a href=\"https:\/\/terralivha.pt\/pt-pt\/em-imagens\/\" class=\"uagb-infobox-cta-link wp-block-button__link\" target=\"_self\" rel=\"noopener noreferrer\" onclick=\"return true;\" alt=\"\"><span class=\"uagb-inline-editing\">EXPLORAR<\/span><\/a><\/div><\/div><\/div>\n<\/div>\n\n\n\n<div class=\"wp-block-uagb-container uagb-block-7b054d8e alignfull uagb-is-root-container\"><div class=\"uagb-container-inner-blocks-wrap\">\n<div class=\"wp-block-uagb-container uagb-block-d5c6c3b5\">\n<div class=\"wp-block-uagb-info-box uagb-block-8d4266d1 uagb-infobox__content-wrap  uagb-infobox_cta-type-all uagb-infobox-icon-above-title uagb-infobox-image-valign-top\"><a href=\"https:\/\/terralivha.pt\/pt-pt\/visao-e-historia-do-projeto\/\" class=\"uagb-infobox-link-wrap uagb-infbox__link-to-all\" target=\"_self\" aria-label=\"Infobox Link\" rel=\"noopener noreferrer\" onclick=\"return true;\"><\/a><div class=\"uagb-ifb-content\"><div class=\"uagb-ifb-image-content\"><img decoding=\"async\" src=\"https:\/\/terralivha.pt\/wp-content\/uploads\/2024\/01\/photo-quentin.jpg\" alt=\"\" width=\"100\" height=\"69\" loading=\"lazy\"\/><\/div><div class=\"uagb-ifb-title-wrap\"><h4 class=\"uagb-ifb-title\">Origem e evolu\u00e7\u00e3o do projeto<\/h4><\/div><p class=\"uagb-ifb-desc\">Terra Livha nasceu da vis\u00e3o de uma Terra onde todos podem viver felizes, conscientes e em harmonia uns com os outros e com a natureza.<br><strong>Ler mais \u279c<\/strong><\/p><div class=\"uagb-ifb-button-wrapper wp-block-button\"><\/div><\/div><\/div>\n<\/div>\n\n\n\n<div class=\"wp-block-uagb-container uagb-block-93d09dff\">\n<div class=\"wp-block-uagb-info-box uagb-block-26a5dabe uagb-infobox__content-wrap  uagb-infobox_cta-type-all uagb-infobox-icon-above-title uagb-infobox-image-valign-top\"><a href=\"https:\/\/terralivha.pt\/pt-pt\/em-imagens\/\" class=\"uagb-infobox-link-wrap uagb-infbox__link-to-all\" target=\"_self\" aria-label=\"Infobox Link\" rel=\"noopener noreferrer\" onclick=\"return true;\"><\/a><div class=\"uagb-ifb-content\"><div class=\"uagb-ifb-image-content\"><img decoding=\"async\" src=\"https:\/\/terralivha.pt\/wp-content\/uploads\/2023\/12\/IMG-20221128-WA0045.jpg\" alt=\"\" width=\"100\" height=\"75\" loading=\"lazy\"\/><\/div><div class=\"uagb-ifb-title-wrap\"><h4 class=\"uagb-ifb-title\">Em imagens<\/h4><\/div><p class=\"uagb-ifb-desc\">Vem descobrir uma sele\u00e7\u00e3o de v\u00eddeos e fotografias da comunidade e deste lugar m\u00e1gico. Podes sentir a paz e a harmonia que emana deste lugar e que toca e enriquece as pessoas que o exploram.<br\/><strong>Ler mais \u279c<\/strong><\/p><div class=\"uagb-ifb-button-wrapper wp-block-button\"><\/div><\/div><\/div>\n<\/div>\n\n\n\n<div class=\"wp-block-uagb-container uagb-block-d0de5011\">\n<div class=\"wp-block-uagb-info-box uagb-block-d9f7b5eb uagb-infobox__content-wrap  uagb-infobox_cta-type-all uagb-infobox-icon-above-title uagb-infobox-image-valign-top\"><a href=\"https:\/\/terralivha.pt\/pt-pt\/a-equipa\/\" class=\"uagb-infobox-link-wrap uagb-infbox__link-to-all\" target=\"_self\" aria-label=\"Infobox Link\" rel=\"noopener noreferrer\" onclick=\"return true;\"><\/a><div class=\"uagb-ifb-content\"><div class=\"uagb-ifb-image-content\"><img decoding=\"async\" src=\"https:\/\/terralivha.pt\/wp-content\/uploads\/2023\/12\/equipe-arbre-vert-Copie.png\" alt=\"\" width=\"100\" height=\"73\" loading=\"lazy\"\/><\/div><div class=\"uagb-ifb-title-wrap\"><h4 class=\"uagb-ifb-title\">A Equipa<\/h4><\/div><p class=\"uagb-ifb-desc\">Apresentamos-te os fundadores, a comunidade em crescimento e os parceiros que trabalham em conjunto com cora\u00e7\u00e3o e paci\u00eancia, e cujo compromisso torna poss\u00edvel desenvolver e apoiar o Terra Livha.<br\/><strong>Ler mais \u279c<\/strong><\/p><div class=\"uagb-ifb-button-wrapper wp-block-button\"><\/div><\/div><\/div>\n<\/div>\n<\/div><\/div>\n\n\n\n<div class=\"wp-block-uagb-container uagb-block-030302fa alignfull uagb-is-root-container\"><div class=\"uagb-container-inner-blocks-wrap\"><div class='_form_25'><\/div><script type='text\/javascript' src='https:\/\/livha.activehosted.com\/f\/embed.php?static=0&id=25&69F218E198579&nostyles=0&preview=0'><\/script>\n<\/div><\/div>\n\n\n\n<div class=\"wp-block-uagb-advanced-heading uagb-block-76105321\"><h2 class=\"uagb-heading-text\">As \u00faltimas novidades<\/h2><\/div>\n\n\n\n<div class=\"wp-block-uagb-container uagb-block-a54e2958 alignfull uagb-is-root-container\"><div class=\"uagb-container-inner-blocks-wrap\">\n\t\t\t<div class=\"wp-block-uagb-post-grid uagb-post-grid  uagb-post__image-position-top uagb-post__image-enabled uagb-block-7fb0c3ac     uagb-post__items uagb-post__columns-3 is-grid uagb-post__columns-tablet-2 uagb-post__columns-mobile-1 uagb-post__equal-height\" data-total=\"3\" style=\"\">\n\n\t\t\t\t\t\t\t\t\t\t\t\t<article class=\"uagb-post__inner-wrap\">\t\t\t\t\t\t\t\t<div class='uagb-post__image'>\n\t\t\t\t\t\t\t\t\t<a href=\"https:\/\/terralivha.pt\/pt-pt\/no-coracao-da-nossa-primeira-producao-de-oleos-essenciais-%f0%9f%8c%bf%f0%9f%8c%bc\/\" target=\"_self\" rel=\"bookmark noopener noreferrer\" class='uagb-image-ratio-inherit'><img loading=\"lazy\" decoding=\"async\" width=\"960\" height=\"983\" src=\"https:\/\/terralivha.pt\/wp-content\/uploads\/2025\/07\/ALAMBIC-C.ET_.T.jpeg\" class=\"attachment-large size-large\" alt=\"\" srcset=\"https:\/\/terralivha.pt\/wp-content\/uploads\/2025\/07\/ALAMBIC-C.ET_.T.jpeg 960w, https:\/\/terralivha.pt\/wp-content\/uploads\/2025\/07\/ALAMBIC-C.ET_.T-293x300.jpeg 293w, https:\/\/terralivha.pt\/wp-content\/uploads\/2025\/07\/ALAMBIC-C.ET_.T-768x786.jpeg 768w\" sizes=\"auto, (max-width: 960px) 100vw, 960px\" \/>\t\t\t\t\t<\/a>\n\t\t\t\t\t\t\t<\/div>\n\t\t\t\t\t\t<h4 class=\"uagb-post__title uagb-post__text\">\n\t\t\t\t<a href=\"https:\/\/terralivha.pt\/pt-pt\/no-coracao-da-nossa-primeira-producao-de-oleos-essenciais-%f0%9f%8c%bf%f0%9f%8c%bc\/\" target=\"_self\" rel=\"bookmark noopener noreferrer\">No cora\u00e7\u00e3o da nossa primeira produ\u00e7\u00e3o de \u00f3leos essenciais! \ud83c\udf3f\ud83c\udf3c<\/a>\n\t\t\t<\/h4>\n\t\t\t\t\t\t<div class='uagb-post__text uagb-post-grid-byline'>\n\t\t\t\t\t\t\t\t<time datetime=\"2025-07-26T14:12:52+00:00\" class=\"uagb-post__date\">\n\t\t\t\t<span class=\"dashicons-calendar dashicons\"><\/span>\t\t\t\t\t26 de Julho, 2025\t\t\t\t<\/time>\n\t\t\t\t\t\t\t<span class=\"uagb-post__comment\">\n\t\t\t\t<span class=\"dashicons-admin-comments dashicons\"><\/span>\t\t\t\t\tSem coment\u00e1rios\t\t\t\t<\/span>\n\t\t\t\t\t\t<\/div>\n\t\t\t\t\t\t\t<div class='uagb-post__text uagb-post__excerpt'>\n\t\t\t\t\t<p>Ol\u00e1 a todos e a todas, \u00c9 com entusiasmo que queremos partilhar os momentos mais&#8230;\t\t\t\t<\/div>\n\t\t\t\t\t\t<div class=\"uagb-post__text uagb-post__cta wp-block-button\">\n\t\t\t\t<a class=\"wp-block-button__link uagb-text-link\" style=\"\" href=\"https:\/\/terralivha.pt\/pt-pt\/no-coracao-da-nossa-primeira-producao-de-oleos-essenciais-%f0%9f%8c%bf%f0%9f%8c%bc\/\" target=\"_self\" rel=\"bookmark noopener noreferrer\">Ler o artigo<\/a>\n\t\t\t<\/div>\n\t\t\t\n\t\t\t\t\t\t\t\t\t<\/article>\n\t\t\t\t\t\t\t\t\t\t\t\t\t\t\t\t<article class=\"uagb-post__inner-wrap\">\t\t\t\t\t\t\t\t<div class='uagb-post__image'>\n\t\t\t\t\t\t\t\t\t<a href=\"https:\/\/terralivha.pt\/pt-pt\/reportagem-fotografica-sobre-as-novas-plantacoes-%f0%9f%8c%b1%f0%9f%8c%b2-mais-de-1000-arvores-e-arbustos\/\" target=\"_self\" rel=\"bookmark noopener noreferrer\" class='uagb-image-ratio-inherit'><img loading=\"lazy\" decoding=\"async\" width=\"1024\" height=\"859\" src=\"https:\/\/terralivha.pt\/wp-content\/uploads\/2024\/12\/entete-article-Copie-1024x859.jpg\" class=\"attachment-large size-large\" alt=\"\" srcset=\"https:\/\/terralivha.pt\/wp-content\/uploads\/2024\/12\/entete-article-Copie-1024x859.jpg 1024w, https:\/\/terralivha.pt\/wp-content\/uploads\/2024\/12\/entete-article-Copie-300x252.jpg 300w, https:\/\/terralivha.pt\/wp-content\/uploads\/2024\/12\/entete-article-Copie-768x644.jpg 768w, https:\/\/terralivha.pt\/wp-content\/uploads\/2024\/12\/entete-article-Copie-1536x1288.jpg 1536w, https:\/\/terralivha.pt\/wp-content\/uploads\/2024\/12\/entete-article-Copie-2048x1717.jpg 2048w\" sizes=\"auto, (max-width: 1024px) 100vw, 1024px\" \/>\t\t\t\t\t<\/a>\n\t\t\t\t\t\t\t<\/div>\n\t\t\t\t\t\t<h4 class=\"uagb-post__title uagb-post__text\">\n\t\t\t\t<a href=\"https:\/\/terralivha.pt\/pt-pt\/reportagem-fotografica-sobre-as-novas-plantacoes-%f0%9f%8c%b1%f0%9f%8c%b2-mais-de-1000-arvores-e-arbustos\/\" target=\"_self\" rel=\"bookmark noopener noreferrer\">Reportagem fotogr\u00e1fica sobre as novas planta\u00e7\u00f5es! \ud83c\udf31\ud83c\udf32 (Mais de 1000 \u00e1rvores e arbustos)<\/a>\n\t\t\t<\/h4>\n\t\t\t\t\t\t<div class='uagb-post__text uagb-post-grid-byline'>\n\t\t\t\t\t\t\t\t<time datetime=\"2024-12-30T13:55:28+00:00\" class=\"uagb-post__date\">\n\t\t\t\t<span class=\"dashicons-calendar dashicons\"><\/span>\t\t\t\t\t30 de Dezembro, 2024\t\t\t\t<\/time>\n\t\t\t\t\t\t\t<span class=\"uagb-post__comment\">\n\t\t\t\t<span class=\"dashicons-admin-comments dashicons\"><\/span>\t\t\t\t\tSem coment\u00e1rios\t\t\t\t<\/span>\n\t\t\t\t\t\t<\/div>\n\t\t\t\t\t\t\t<div class='uagb-post__text uagb-post__excerpt'>\n\t\t\t\t\t<p>Ol\u00e1 a todos, Temos o prazer de partilhar contigo hoje uma reportagem fotogr\u00e1fica das \u00faltimas&#8230;\t\t\t\t<\/div>\n\t\t\t\t\t\t<div class=\"uagb-post__text uagb-post__cta wp-block-button\">\n\t\t\t\t<a class=\"wp-block-button__link uagb-text-link\" style=\"\" href=\"https:\/\/terralivha.pt\/pt-pt\/reportagem-fotografica-sobre-as-novas-plantacoes-%f0%9f%8c%b1%f0%9f%8c%b2-mais-de-1000-arvores-e-arbustos\/\" target=\"_self\" rel=\"bookmark noopener noreferrer\">Ler o artigo<\/a>\n\t\t\t<\/div>\n\t\t\t\n\t\t\t\t\t\t\t\t\t<\/article>\n\t\t\t\t\t\t\t\t\t\t\t\t\t\t\t\t<article class=\"uagb-post__inner-wrap\">\t\t\t\t\t\t\t\t<div class='uagb-post__image'>\n\t\t\t\t\t\t\t\t\t<a href=\"https:\/\/terralivha.pt\/pt-pt\/proximas-plantacoes-noticias-sobre-um-incendio-e-proteccoes-futuras\/\" target=\"_self\" rel=\"bookmark noopener noreferrer\" class='uagb-image-ratio-inherit'><img loading=\"lazy\" decoding=\"async\" width=\"1024\" height=\"816\" src=\"https:\/\/terralivha.pt\/wp-content\/uploads\/2024\/12\/plan-plantations-2024-1024x816.png\" class=\"attachment-large size-large\" alt=\"\" srcset=\"https:\/\/terralivha.pt\/wp-content\/uploads\/2024\/12\/plan-plantations-2024-1024x816.png 1024w, https:\/\/terralivha.pt\/wp-content\/uploads\/2024\/12\/plan-plantations-2024-300x239.png 300w, https:\/\/terralivha.pt\/wp-content\/uploads\/2024\/12\/plan-plantations-2024-768x612.png 768w, https:\/\/terralivha.pt\/wp-content\/uploads\/2024\/12\/plan-plantations-2024.png 1140w\" sizes=\"auto, (max-width: 1024px) 100vw, 1024px\" \/>\t\t\t\t\t<\/a>\n\t\t\t\t\t\t\t<\/div>\n\t\t\t\t\t\t<h4 class=\"uagb-post__title uagb-post__text\">\n\t\t\t\t<a href=\"https:\/\/terralivha.pt\/pt-pt\/proximas-plantacoes-noticias-sobre-um-incendio-e-proteccoes-futuras\/\" target=\"_self\" rel=\"bookmark noopener noreferrer\">Pr\u00f3ximas planta\u00e7\u00f5es, not\u00edcias sobre um inc\u00eandio e protec\u00e7\u00f5es futuras<\/a>\n\t\t\t<\/h4>\n\t\t\t\t\t\t<div class='uagb-post__text uagb-post-grid-byline'>\n\t\t\t\t\t\t\t\t<time datetime=\"2024-11-15T13:12:10+00:00\" class=\"uagb-post__date\">\n\t\t\t\t<span class=\"dashicons-calendar dashicons\"><\/span>\t\t\t\t\t15 de Novembro, 2024\t\t\t\t<\/time>\n\t\t\t\t\t\t\t<span class=\"uagb-post__comment\">\n\t\t\t\t<span class=\"dashicons-admin-comments dashicons\"><\/span>\t\t\t\t\tSem coment\u00e1rios\t\t\t\t<\/span>\n\t\t\t\t\t\t<\/div>\n\t\t\t\t\t\t\t<div class='uagb-post__text uagb-post__excerpt'>\n\t\t\t\t\t<p>Ol\u00e1 a todos! Hoje partilhamos contigo algumas novidades da Terra Livha. Embora os meses de&#8230;\t\t\t\t<\/div>\n\t\t\t\t\t\t<div class=\"uagb-post__text uagb-post__cta wp-block-button\">\n\t\t\t\t<a class=\"wp-block-button__link uagb-text-link\" style=\"\" href=\"https:\/\/terralivha.pt\/pt-pt\/proximas-plantacoes-noticias-sobre-um-incendio-e-proteccoes-futuras\/\" target=\"_self\" rel=\"bookmark noopener noreferrer\">Ler o artigo<\/a>\n\t\t\t<\/div>\n\t\t\t\n\t\t\t\t\t\t\t\t\t<\/article>\n\t\t\t\t\t\t\t\t\t\t\t\t\t\t\t\t<article class=\"uagb-post__inner-wrap\">\t\t\t\t\t\t\t\t<div class='uagb-post__image'>\n\t\t\t\t\t\t\t\t\t<a href=\"https:\/\/terralivha.pt\/pt-pt\/resultado-do-concurso-dia-mais-sustentavel-em-que-o-terra-livha-participou\/\" target=\"_self\" rel=\"bookmark noopener noreferrer\" class='uagb-image-ratio-inherit'><img loading=\"lazy\" decoding=\"async\" width=\"540\" height=\"411\" src=\"https:\/\/terralivha.pt\/wp-content\/uploads\/2024\/06\/Dias-Mais-Sustentaveis.png\" class=\"attachment-large size-large\" alt=\"\" srcset=\"https:\/\/terralivha.pt\/wp-content\/uploads\/2024\/06\/Dias-Mais-Sustentaveis.png 540w, https:\/\/terralivha.pt\/wp-content\/uploads\/2024\/06\/Dias-Mais-Sustentaveis-300x228.png 300w, https:\/\/terralivha.pt\/wp-content\/uploads\/2024\/06\/Dias-Mais-Sustentaveis-526x400.png 526w\" sizes=\"auto, (max-width: 540px) 100vw, 540px\" \/>\t\t\t\t\t<\/a>\n\t\t\t\t\t\t\t<\/div>\n\t\t\t\t\t\t<h4 class=\"uagb-post__title uagb-post__text\">\n\t\t\t\t<a href=\"https:\/\/terralivha.pt\/pt-pt\/resultado-do-concurso-dia-mais-sustentavel-em-que-o-terra-livha-participou\/\" target=\"_self\" rel=\"bookmark noopener noreferrer\">Resultado do concurso &#8220;Dia Mais Sustent\u00e1vel&#8221; em que o Terra Livha participou<\/a>\n\t\t\t<\/h4>\n\t\t\t\t\t\t<div class='uagb-post__text uagb-post-grid-byline'>\n\t\t\t\t\t\t\t\t<time datetime=\"2024-06-19T14:20:14+00:00\" class=\"uagb-post__date\">\n\t\t\t\t<span class=\"dashicons-calendar dashicons\"><\/span>\t\t\t\t\t19 de Junho, 2024\t\t\t\t<\/time>\n\t\t\t\t\t\t\t<span class=\"uagb-post__comment\">\n\t\t\t\t<span class=\"dashicons-admin-comments dashicons\"><\/span>\t\t\t\t\tSem coment\u00e1rios\t\t\t\t<\/span>\n\t\t\t\t\t\t<\/div>\n\t\t\t\t\t\t\t<div class='uagb-post__text uagb-post__excerpt'>\n\t\t\t\t\t<p>Caros amigos da Terra Livha \ud83e\udd17 Escrevemos-vos hoje para vos dar conta dos resultados do&#8230;\t\t\t\t<\/div>\n\t\t\t\t\t\t<div class=\"uagb-post__text uagb-post__cta wp-block-button\">\n\t\t\t\t<a class=\"wp-block-button__link uagb-text-link\" style=\"\" href=\"https:\/\/terralivha.pt\/pt-pt\/resultado-do-concurso-dia-mais-sustentavel-em-que-o-terra-livha-participou\/\" target=\"_self\" rel=\"bookmark noopener noreferrer\">Ler o artigo<\/a>\n\t\t\t<\/div>\n\t\t\t\n\t\t\t\t\t\t\t\t\t<\/article>\n\t\t\t\t\t\t\t\t\t\t\t\t\t\t\t\t<article class=\"uagb-post__inner-wrap\">\t\t\t\t\t\t\t\t<div class='uagb-post__image'>\n\t\t\t\t\t\t\t\t\t<a href=\"https:\/\/terralivha.pt\/pt-pt\/um-mes-de-maio-rico-em-novidades-na-terra-livha-%e2%9b%8f%f0%9f%8c%b1\/\" target=\"_self\" rel=\"bookmark noopener noreferrer\" class='uagb-image-ratio-inherit'><img loading=\"lazy\" decoding=\"async\" width=\"1024\" height=\"1024\" src=\"https:\/\/terralivha.pt\/wp-content\/uploads\/2024\/05\/photo_2024-05-12_16-58-55-1024x1024.jpg\" class=\"attachment-large size-large\" alt=\"\" srcset=\"https:\/\/terralivha.pt\/wp-content\/uploads\/2024\/05\/photo_2024-05-12_16-58-55-1024x1024.jpg 1024w, https:\/\/terralivha.pt\/wp-content\/uploads\/2024\/05\/photo_2024-05-12_16-58-55-300x300.jpg 300w, https:\/\/terralivha.pt\/wp-content\/uploads\/2024\/05\/photo_2024-05-12_16-58-55-150x150.jpg 150w, https:\/\/terralivha.pt\/wp-content\/uploads\/2024\/05\/photo_2024-05-12_16-58-55-768x768.jpg 768w, https:\/\/terralivha.pt\/wp-content\/uploads\/2024\/05\/photo_2024-05-12_16-58-55.jpg 1280w\" sizes=\"auto, (max-width: 1024px) 100vw, 1024px\" \/>\t\t\t\t\t<\/a>\n\t\t\t\t\t\t\t<\/div>\n\t\t\t\t\t\t<h4 class=\"uagb-post__title uagb-post__text\">\n\t\t\t\t<a href=\"https:\/\/terralivha.pt\/pt-pt\/um-mes-de-maio-rico-em-novidades-na-terra-livha-%e2%9b%8f%f0%9f%8c%b1\/\" target=\"_self\" rel=\"bookmark noopener noreferrer\">Um m\u00eas de maio rico em novidades na Terra Livha \u26cf\ud83c\udf31<\/a>\n\t\t\t<\/h4>\n\t\t\t\t\t\t<div class='uagb-post__text uagb-post-grid-byline'>\n\t\t\t\t\t\t\t\t<time datetime=\"2024-05-30T11:09:15+00:00\" class=\"uagb-post__date\">\n\t\t\t\t<span class=\"dashicons-calendar dashicons\"><\/span>\t\t\t\t\t30 de Maio, 2024\t\t\t\t<\/time>\n\t\t\t\t\t\t\t<span class=\"uagb-post__comment\">\n\t\t\t\t<span class=\"dashicons-admin-comments dashicons\"><\/span>\t\t\t\t\tSem coment\u00e1rios\t\t\t\t<\/span>\n\t\t\t\t\t\t<\/div>\n\t\t\t\t\t\t\t<div class='uagb-post__text uagb-post__excerpt'>\n\t\t\t\t\t<p>Caros amigos da Terra Livha, \u00c9 um prazer partilhar convosco os \u00faltimos progressos do nosso&#8230;\t\t\t\t<\/div>\n\t\t\t\t\t\t<div class=\"uagb-post__text uagb-post__cta wp-block-button\">\n\t\t\t\t<a class=\"wp-block-button__link uagb-text-link\" style=\"\" href=\"https:\/\/terralivha.pt\/pt-pt\/um-mes-de-maio-rico-em-novidades-na-terra-livha-%e2%9b%8f%f0%9f%8c%b1\/\" target=\"_self\" rel=\"bookmark noopener noreferrer\">Ler o artigo<\/a>\n\t\t\t<\/div>\n\t\t\t\n\t\t\t\t\t\t\t\t\t<\/article>\n\t\t\t\t\t\t\t\t\t\t\t\t\t\t\t\t<article class=\"uagb-post__inner-wrap\">\t\t\t\t\t\t\t\t<div class='uagb-post__image'>\n\t\t\t\t\t\t\t\t\t<a href=\"https:\/\/terralivha.pt\/pt-pt\/a-primeira-colheita-no-campo\/\" target=\"_self\" rel=\"bookmark noopener noreferrer\" class='uagb-image-ratio-inherit'><img loading=\"lazy\" decoding=\"async\" width=\"1024\" height=\"753\" src=\"https:\/\/terralivha.pt\/wp-content\/uploads\/2024\/04\/WhatsApp-Image-2024-04-10-a-10.50.21_da2a0c12-Copie-1024x753.jpg\" class=\"attachment-large size-large\" alt=\"\" srcset=\"https:\/\/terralivha.pt\/wp-content\/uploads\/2024\/04\/WhatsApp-Image-2024-04-10-a-10.50.21_da2a0c12-Copie-1024x753.jpg 1024w, https:\/\/terralivha.pt\/wp-content\/uploads\/2024\/04\/WhatsApp-Image-2024-04-10-a-10.50.21_da2a0c12-Copie-300x221.jpg 300w, https:\/\/terralivha.pt\/wp-content\/uploads\/2024\/04\/WhatsApp-Image-2024-04-10-a-10.50.21_da2a0c12-Copie-768x565.jpg 768w, https:\/\/terralivha.pt\/wp-content\/uploads\/2024\/04\/WhatsApp-Image-2024-04-10-a-10.50.21_da2a0c12-Copie-544x400.jpg 544w, https:\/\/terralivha.pt\/wp-content\/uploads\/2024\/04\/WhatsApp-Image-2024-04-10-a-10.50.21_da2a0c12-Copie.jpg 1505w\" sizes=\"auto, (max-width: 1024px) 100vw, 1024px\" \/>\t\t\t\t\t<\/a>\n\t\t\t\t\t\t\t<\/div>\n\t\t\t\t\t\t<h4 class=\"uagb-post__title uagb-post__text\">\n\t\t\t\t<a href=\"https:\/\/terralivha.pt\/pt-pt\/a-primeira-colheita-no-campo\/\" target=\"_self\" rel=\"bookmark noopener noreferrer\">A primeira colheita no campo!<\/a>\n\t\t\t<\/h4>\n\t\t\t\t\t\t<div class='uagb-post__text uagb-post-grid-byline'>\n\t\t\t\t\t\t\t\t<time datetime=\"2024-04-11T17:09:05+00:00\" class=\"uagb-post__date\">\n\t\t\t\t<span class=\"dashicons-calendar dashicons\"><\/span>\t\t\t\t\t11 de Abril, 2024\t\t\t\t<\/time>\n\t\t\t\t\t\t\t<span class=\"uagb-post__comment\">\n\t\t\t\t<span class=\"dashicons-admin-comments dashicons\"><\/span>\t\t\t\t\tSem coment\u00e1rios\t\t\t\t<\/span>\n\t\t\t\t\t\t<\/div>\n\t\t\t\t\t\t\t<div class='uagb-post__text uagb-post__excerpt'>\n\t\t\t\t\t<p>Ol\u00e1 a todos, Temos o prazer de partilhar hoje algumas boas not\u00edcias do terreno. A&#8230;\t\t\t\t<\/div>\n\t\t\t\t\t\t<div class=\"uagb-post__text uagb-post__cta wp-block-button\">\n\t\t\t\t<a class=\"wp-block-button__link uagb-text-link\" style=\"\" href=\"https:\/\/terralivha.pt\/pt-pt\/a-primeira-colheita-no-campo\/\" target=\"_self\" rel=\"bookmark noopener noreferrer\">Ler o artigo<\/a>\n\t\t\t<\/div>\n\t\t\t\n\t\t\t\t\t\t\t\t\t<\/article>\n\t\t\t\t\t\t\t\t\t\t\t<\/div>\n\t\t\t<\/div><\/div>\n\n\n\n<div class=\"wp-block-uagb-container uagb-block-af490483 alignfull uagb-is-root-container\"><div class=\"uagb-container-inner-blocks-wrap\">\n<div class=\"wp-block-uagb-call-to-action uagb-block-44ec8c13 wp-block-button\"><div class=\"uagb-cta__wrap\"><h2 class=\"uagb-cta__title\">Contacte-nos<\/h2><p class=\"uagb-cta__desc\">Gostarias de saber mais ou de te juntar a n\u00f3s?<\/p><\/div><div class=\"uagb-cta__buttons\"><a href=\"https:\/\/terralivha.pt\/pt-pt\/contacto\/\" class=\"uagb-cta__button-link-wrapper wp-block-button__link\" target=\"_self\" rel=\"noopener noreferrer\">Escreva-nos<\/a><\/div><\/div>\n<\/div><\/div>\n\n\n\n<p><\/p>\n","protected":false},"excerpt":{"rendered":"<p>Terra Livha As \u00faltimas novidades<\/p>\n","protected":false},"author":1,"featured_media":0,"parent":0,"menu_order":0,"comment_status":"closed","ping_status":"closed","template":"","meta":{"_uag_custom_page_level_css":"","site-sidebar-layout":"default","site-content-layout":"page-builder","ast-site-content-layout":"full-width-container","site-content-style":"unboxed","site-sidebar-style":"unboxed","ast-global-header-display":"","ast-banner-title-visibility":"","ast-main-header-display":"","ast-hfb-above-header-display":"","ast-hfb-below-header-display":"","ast-hfb-mobile-header-display":"","site-post-title":"disabled","ast-breadcrumbs-content":"","ast-featured-img":"","footer-sml-layout":"","ast-disable-related-posts":"","theme-transparent-header-meta":"enabled","adv-header-id-meta":"","stick-header-meta":"","header-above-stick-meta":"","header-main-stick-meta":"","header-below-stick-meta":"","astra-migrate-meta-layouts":"set","ast-page-background-enabled":"default","ast-page-background-meta":{"desktop":{"background-color":"var(--ast-global-color-4)","background-image":"","background-repeat":"repeat","background-position":"center center","background-size":"auto","background-attachment":"scroll","background-type":"","background-media":"","overlay-type":"","overlay-color":"","overlay-opacity":"","overlay-gradient":""},"tablet":{"background-color":"","background-image":"","background-repeat":"repeat","background-position":"center center","background-size":"auto","background-attachment":"scroll","background-type":"","background-media":"","overlay-type":"","overlay-color":"","overlay-opacity":"","overlay-gradient":""},"mobile":{"background-color":"","background-image":"","background-repeat":"repeat","background-position":"center center","background-size":"auto","background-attachment":"scroll","background-type":"","background-media":"","overlay-type":"","overlay-color":"","overlay-opacity":"","overlay-gradient":""}},"ast-content-background-meta":{"desktop":{"background-color":"var(--ast-global-color-5)","background-image":"","background-repeat":"repeat","background-position":"center center","background-size":"auto","background-attachment":"scroll","background-type":"","background-media":"","overlay-type":"","overlay-color":"","overlay-opacity":"","overlay-gradient":""},"tablet":{"background-color":"var(--ast-global-color-5)","background-image":"","background-repeat":"repeat","background-position":"center center","background-size":"auto","background-attachment":"scroll","background-type":"","background-media":"","overlay-type":"","overlay-color":"","overlay-opacity":"","overlay-gradient":""},"mobile":{"background-color":"var(--ast-global-color-5)","background-image":"","background-repeat":"repeat","background-position":"center center","background-size":"auto","background-attachment":"scroll","background-type":"","background-media":"","overlay-type":"","overlay-color":"","overlay-opacity":"","overlay-gradient":""}},"footnotes":""},"class_list":["post-2103","page","type-page","status-publish","hentry"],"uagb_featured_image_src":{"full":false,"thumbnail":false,"medium":false,"medium_large":false,"large":false,"1536x1536":false,"2048x2048":false},"uagb_author_info":{"display_name":"livaTeradm99","author_link":"https:\/\/terralivha.pt\/pt-pt\/author\/livateradm99\/"},"uagb_comment_info":0,"uagb_excerpt":"Terra Livha As \u00faltimas novidades","_links":{"self":[{"href":"https:\/\/terralivha.pt\/pt-pt\/wp-json\/wp\/v2\/pages\/2103","targetHints":{"allow":["GET"]}}],"collection":[{"href":"https:\/\/terralivha.pt\/pt-pt\/wp-json\/wp\/v2\/pages"}],"about":[{"href":"https:\/\/terralivha.pt\/pt-pt\/wp-json\/wp\/v2\/types\/page"}],"author":[{"embeddable":true,"href":"https:\/\/terralivha.pt\/pt-pt\/wp-json\/wp\/v2\/users\/1"}],"replies":[{"embeddable":true,"href":"https:\/\/terralivha.pt\/pt-pt\/wp-json\/wp\/v2\/comments?post=2103"}],"version-history":[{"count":27,"href":"https:\/\/terralivha.pt\/pt-pt\/wp-json\/wp\/v2\/pages\/2103\/revisions"}],"predecessor-version":[{"id":2516,"href":"https:\/\/terralivha.pt\/pt-pt\/wp-json\/wp\/v2\/pages\/2103\/revisions\/2516"}],"wp:attachment":[{"href":"https:\/\/terralivha.pt\/pt-pt\/wp-json\/wp\/v2\/media?parent=2103"}],"curies":[{"name":"wp","href":"https:\/\/api.w.org\/{rel}","templated":true}]}}