{"id":2107,"date":"2023-09-19T13:20:00","date_gmt":"2023-09-19T13:20:00","guid":{"rendered":"https:\/\/terralivha.pt\/as-ultimas-novidades-do-projeto\/"},"modified":"2024-01-20T16:04:54","modified_gmt":"2024-01-20T16:04:54","slug":"blog","status":"publish","type":"page","link":"https:\/\/terralivha.pt\/pt-pt\/blog\/","title":{"rendered":"Blog"},"content":{"rendered":"\n<div class=\"wp-block-uagb-container uagb-block-8de9c239 alignfull uagb-is-root-container\"><div class=\"uagb-container-inner-blocks-wrap\">\n<div class=\"wp-block-uagb-advanced-heading uagb-block-99148d6e\"><h1 class=\"uagb-heading-text\">\u00daltimas not\u00edcias<\/h1><\/div>\n<\/div><\/div>\n\n\n\n<div class=\"wp-block-uagb-container uagb-block-b9a600ee alignfull uagb-is-root-container\"><div class=\"uagb-container-inner-blocks-wrap\"><div class='_form_25'><\/div><script type='text\/javascript' src='https:\/\/livha.activehosted.com\/f\/embed.php?static=0&id=25&69F23356BAAEB&nostyles=0&preview=0'><\/script>\n<\/div><\/div>\n\n\n\n<div class=\"wp-block-uagb-container uagb-block-d8a66ef7 alignfull uagb-is-root-container\"><div class=\"uagb-container-inner-blocks-wrap\">\t\t\t<div class = \"\n\t\t\twp-block-uagb-post-timeline uagb-timeline__outer-wrap uagb-block-5a89cd25    uagb-timeline__arrow-center uagb-timeline__left-block uagb_timeline__cta-enable uagb-timeline uagb-timeline__content-wrap\t\t\tuagb-timeline__arrow-center uagb-timeline__left-block uagb_timeline__cta-enable uagb-timeline uagb-timeline__content-wrap\t\t\t\"\n\t\t\tstyle=\"\" >\n\t\t\t\t\t\t\t\t\t\t\t<article class = \"uagb-timeline__field  uagb-timeline__left\">\n\t\t\t\t\t\t\t\t<div class = \"uagb-timeline__marker uagb-timeline__out-view-icon\" >\n\t\t\t\t<span class = \"uagb-timeline__icon-new uagb-timeline__out-view-icon\" >\t\t\t\t<svg xmlns=\"https:\/\/www.w3.org\/2000\/svg\" viewBox= \"0 0 448 512\"><path d=\"M160 32V64H288V32C288 14.33 302.3 0 320 0C337.7 0 352 14.33 352 32V64H400C426.5 64 448 85.49 448 112V160H0V112C0 85.49 21.49 64 48 64H96V32C96 14.33 110.3 0 128 0C145.7 0 160 14.33 160 32zM0 192H448V464C448 490.5 426.5 512 400 512H48C21.49 512 0 490.5 0 464V192zM64 304C64 312.8 71.16 320 80 320H112C120.8 320 128 312.8 128 304V272C128 263.2 120.8 256 112 256H80C71.16 256 64 263.2 64 272V304zM192 304C192 312.8 199.2 320 208 320H240C248.8 320 256 312.8 256 304V272C256 263.2 248.8 256 240 256H208C199.2 256 192 263.2 192 272V304zM336 256C327.2 256 320 263.2 320 272V304C320 312.8 327.2 320 336 320H368C376.8 320 384 312.8 384 304V272C384 263.2 376.8 256 368 256H336zM64 432C64 440.8 71.16 448 80 448H112C120.8 448 128 440.8 128 432V400C128 391.2 120.8 384 112 384H80C71.16 384 64 391.2 64 400V432zM208 384C199.2 384 192 391.2 192 400V432C192 440.8 199.2 448 208 448H240C248.8 448 256 440.8 256 432V400C256 391.2 248.8 384 240 384H208zM320 432C320 440.8 327.2 448 336 448H368C376.8 448 384 440.8 384 432V400C384 391.2 376.8 384 368 384H336C327.2 384 320 391.2 320 400V432z\"><\/path><\/svg>\n\t\t\t\t<\/span>\n\t\t\t<\/div>\n\t\t\t\t\t\t\t\t<div class = \"uagb-timeline__day-new uagb-timeline__day-left uagb-timeline__events-inner-new\" >\n\t\t\t\t\t\t<div class=\"uagb-timeline__events-inner--content\">\n\t\t\t\t\t\t\t\t\t\t\t<div datetime=\"2025-07-26T14:12:52+00:00\" class=\"uagb-timeline__date-hide uagb-timeline__inner-date-new\">\n\t\t\t\tJulho 26, 2025\t\t\t<\/div>\n\t\t\t\t\t\t\t\t\t\t\t\t\t\t<a class='uagb-timeline__image' href=\"https:\/\/terralivha.pt\/pt-pt\/no-coracao-da-nossa-primeira-producao-de-oleos-essenciais-%f0%9f%8c%bf%f0%9f%8c%bc\/\" target=\"_self\" rel=\"noopener noreferrer\"><img loading=\"lazy\" decoding=\"async\" width=\"293\" height=\"300\" src=\"https:\/\/terralivha.pt\/wp-content\/uploads\/2025\/07\/ALAMBIC-C.ET_.T-293x300.jpeg\" class=\"attachment-medium size-medium\" alt=\"\" srcset=\"https:\/\/terralivha.pt\/wp-content\/uploads\/2025\/07\/ALAMBIC-C.ET_.T-293x300.jpeg 293w, https:\/\/terralivha.pt\/wp-content\/uploads\/2025\/07\/ALAMBIC-C.ET_.T-768x786.jpeg 768w, https:\/\/terralivha.pt\/wp-content\/uploads\/2025\/07\/ALAMBIC-C.ET_.T.jpeg 960w\" sizes=\"auto, (max-width: 293px) 100vw, 293px\" \/>\t\t\t\t<\/a>\n\t\t\t\t\t\t\t\t\t\t\t\t\t\t\t\t\t\t\t<h3 class=\"uagb-timeline__heading\" >\n\t\t\t\t\t<a href=\"https:\/\/terralivha.pt\/pt-pt\/no-coracao-da-nossa-primeira-producao-de-oleos-essenciais-%f0%9f%8c%bf%f0%9f%8c%bc\/\" target=\"_self\" rel=\"noopener noreferrer\">No cora\u00e7\u00e3o da nossa primeira produ\u00e7\u00e3o de \u00f3leos essenciais! \ud83c\udf3f\ud83c\udf3c<\/a>\n\t\t\t\t<\/h3>\n\t\t\t\t\t\t\t\t\t\t<div class=\"uagb-timeline-desc-content\">\n\t\t\t\t<p>Ol\u00e1 a todos e a todas, \u00c9 com entusiasmo que queremos partilhar os momentos mais marcantes do m\u00eas de maio. Foi um m\u00eas rico em aprendizagens e partilhas, concretizado pelas nossas primeiras colheitas de plantas medicinais e arom\u00e1ticas. Apenas uma semana e 8 intervenientes principais, e que dinamismo!!! Esta aventura&#8230;\t\t\t<\/div>\n\t\t\t\t\t\t<div class=\"uagb-timeline__link_parent wp-block-button\">\n\t\t\t\t<a class=\"uagb-timeline__link wp-block-button__link\" style=\"\" href=\"https:\/\/terralivha.pt\/pt-pt\/no-coracao-da-nossa-primeira-producao-de-oleos-essenciais-%f0%9f%8c%bf%f0%9f%8c%bc\/\" target=\"_self\" rel=\" noopener noreferrer\">Ler o artigo<\/a>\n\t\t\t<\/div>\n\t\t\t\t\t\t\t\t\t\t\t<div class = \"uagb-timeline__arrow\"><\/div>\n\t\t\t\t\t\t<\/div>\n\t\t\t\t\t<\/div>\n\t\t\t\t\t\t\t\t<\/article>\n\t\t\t\t\t\t<article class = \"uagb-timeline__field  uagb-timeline__left\">\n\t\t\t\t\t\t\t\t<div class = \"uagb-timeline__marker uagb-timeline__out-view-icon\" >\n\t\t\t\t<span class = \"uagb-timeline__icon-new uagb-timeline__out-view-icon\" >\t\t\t\t<svg xmlns=\"https:\/\/www.w3.org\/2000\/svg\" viewBox= \"0 0 448 512\"><path d=\"M160 32V64H288V32C288 14.33 302.3 0 320 0C337.7 0 352 14.33 352 32V64H400C426.5 64 448 85.49 448 112V160H0V112C0 85.49 21.49 64 48 64H96V32C96 14.33 110.3 0 128 0C145.7 0 160 14.33 160 32zM0 192H448V464C448 490.5 426.5 512 400 512H48C21.49 512 0 490.5 0 464V192zM64 304C64 312.8 71.16 320 80 320H112C120.8 320 128 312.8 128 304V272C128 263.2 120.8 256 112 256H80C71.16 256 64 263.2 64 272V304zM192 304C192 312.8 199.2 320 208 320H240C248.8 320 256 312.8 256 304V272C256 263.2 248.8 256 240 256H208C199.2 256 192 263.2 192 272V304zM336 256C327.2 256 320 263.2 320 272V304C320 312.8 327.2 320 336 320H368C376.8 320 384 312.8 384 304V272C384 263.2 376.8 256 368 256H336zM64 432C64 440.8 71.16 448 80 448H112C120.8 448 128 440.8 128 432V400C128 391.2 120.8 384 112 384H80C71.16 384 64 391.2 64 400V432zM208 384C199.2 384 192 391.2 192 400V432C192 440.8 199.2 448 208 448H240C248.8 448 256 440.8 256 432V400C256 391.2 248.8 384 240 384H208zM320 432C320 440.8 327.2 448 336 448H368C376.8 448 384 440.8 384 432V400C384 391.2 376.8 384 368 384H336C327.2 384 320 391.2 320 400V432z\"><\/path><\/svg>\n\t\t\t\t<\/span>\n\t\t\t<\/div>\n\t\t\t\t\t\t\t\t<div class = \"uagb-timeline__day-new uagb-timeline__day-left uagb-timeline__events-inner-new\" >\n\t\t\t\t\t\t<div class=\"uagb-timeline__events-inner--content\">\n\t\t\t\t\t\t\t\t\t\t\t<div datetime=\"2024-12-30T13:55:28+00:00\" class=\"uagb-timeline__date-hide uagb-timeline__inner-date-new\">\n\t\t\t\tDezembro 30, 2024\t\t\t<\/div>\n\t\t\t\t\t\t\t\t\t\t\t\t\t\t<a class='uagb-timeline__image' href=\"https:\/\/terralivha.pt\/pt-pt\/reportagem-fotografica-sobre-as-novas-plantacoes-%f0%9f%8c%b1%f0%9f%8c%b2-mais-de-1000-arvores-e-arbustos\/\" target=\"_self\" rel=\"noopener noreferrer\"><img loading=\"lazy\" decoding=\"async\" width=\"300\" height=\"252\" src=\"https:\/\/terralivha.pt\/wp-content\/uploads\/2024\/12\/entete-article-Copie-300x252.jpg\" class=\"attachment-medium size-medium\" alt=\"\" srcset=\"https:\/\/terralivha.pt\/wp-content\/uploads\/2024\/12\/entete-article-Copie-300x252.jpg 300w, https:\/\/terralivha.pt\/wp-content\/uploads\/2024\/12\/entete-article-Copie-1024x859.jpg 1024w, https:\/\/terralivha.pt\/wp-content\/uploads\/2024\/12\/entete-article-Copie-768x644.jpg 768w, https:\/\/terralivha.pt\/wp-content\/uploads\/2024\/12\/entete-article-Copie-1536x1288.jpg 1536w, https:\/\/terralivha.pt\/wp-content\/uploads\/2024\/12\/entete-article-Copie-2048x1717.jpg 2048w\" sizes=\"auto, (max-width: 300px) 100vw, 300px\" \/>\t\t\t\t<\/a>\n\t\t\t\t\t\t\t\t\t\t\t\t\t\t\t\t\t\t\t<h3 class=\"uagb-timeline__heading\" >\n\t\t\t\t\t<a href=\"https:\/\/terralivha.pt\/pt-pt\/reportagem-fotografica-sobre-as-novas-plantacoes-%f0%9f%8c%b1%f0%9f%8c%b2-mais-de-1000-arvores-e-arbustos\/\" target=\"_self\" rel=\"noopener noreferrer\">Reportagem fotogr\u00e1fica sobre as novas planta\u00e7\u00f5es! \ud83c\udf31\ud83c\udf32 (Mais de 1000 \u00e1rvores e arbustos)<\/a>\n\t\t\t\t<\/h3>\n\t\t\t\t\t\t\t\t\t\t<div class=\"uagb-timeline-desc-content\">\n\t\t\t\t<p>Ol\u00e1 a todos, Temos o prazer de partilhar contigo hoje uma reportagem fotogr\u00e1fica das \u00faltimas planta\u00e7\u00f5es que tiveram lugar no in\u00edcio de dezembro. Foi uma aventura maravilhosa, rica em momentos de partilha alegre com um grupo de volunt\u00e1rios cheios de energia e de entusiasmo. Tal como no ano passado, fomos&#8230;\t\t\t<\/div>\n\t\t\t\t\t\t<div class=\"uagb-timeline__link_parent wp-block-button\">\n\t\t\t\t<a class=\"uagb-timeline__link wp-block-button__link\" style=\"\" href=\"https:\/\/terralivha.pt\/pt-pt\/reportagem-fotografica-sobre-as-novas-plantacoes-%f0%9f%8c%b1%f0%9f%8c%b2-mais-de-1000-arvores-e-arbustos\/\" target=\"_self\" rel=\" noopener noreferrer\">Ler o artigo<\/a>\n\t\t\t<\/div>\n\t\t\t\t\t\t\t\t\t\t\t<div class = \"uagb-timeline__arrow\"><\/div>\n\t\t\t\t\t\t<\/div>\n\t\t\t\t\t<\/div>\n\t\t\t\t\t\t\t\t<\/article>\n\t\t\t\t\t\t<article class = \"uagb-timeline__field  uagb-timeline__left\">\n\t\t\t\t\t\t\t\t<div class = \"uagb-timeline__marker uagb-timeline__out-view-icon\" >\n\t\t\t\t<span class = \"uagb-timeline__icon-new uagb-timeline__out-view-icon\" >\t\t\t\t<svg xmlns=\"https:\/\/www.w3.org\/2000\/svg\" viewBox= \"0 0 448 512\"><path d=\"M160 32V64H288V32C288 14.33 302.3 0 320 0C337.7 0 352 14.33 352 32V64H400C426.5 64 448 85.49 448 112V160H0V112C0 85.49 21.49 64 48 64H96V32C96 14.33 110.3 0 128 0C145.7 0 160 14.33 160 32zM0 192H448V464C448 490.5 426.5 512 400 512H48C21.49 512 0 490.5 0 464V192zM64 304C64 312.8 71.16 320 80 320H112C120.8 320 128 312.8 128 304V272C128 263.2 120.8 256 112 256H80C71.16 256 64 263.2 64 272V304zM192 304C192 312.8 199.2 320 208 320H240C248.8 320 256 312.8 256 304V272C256 263.2 248.8 256 240 256H208C199.2 256 192 263.2 192 272V304zM336 256C327.2 256 320 263.2 320 272V304C320 312.8 327.2 320 336 320H368C376.8 320 384 312.8 384 304V272C384 263.2 376.8 256 368 256H336zM64 432C64 440.8 71.16 448 80 448H112C120.8 448 128 440.8 128 432V400C128 391.2 120.8 384 112 384H80C71.16 384 64 391.2 64 400V432zM208 384C199.2 384 192 391.2 192 400V432C192 440.8 199.2 448 208 448H240C248.8 448 256 440.8 256 432V400C256 391.2 248.8 384 240 384H208zM320 432C320 440.8 327.2 448 336 448H368C376.8 448 384 440.8 384 432V400C384 391.2 376.8 384 368 384H336C327.2 384 320 391.2 320 400V432z\"><\/path><\/svg>\n\t\t\t\t<\/span>\n\t\t\t<\/div>\n\t\t\t\t\t\t\t\t<div class = \"uagb-timeline__day-new uagb-timeline__day-left uagb-timeline__events-inner-new\" >\n\t\t\t\t\t\t<div class=\"uagb-timeline__events-inner--content\">\n\t\t\t\t\t\t\t\t\t\t\t<div datetime=\"2024-11-15T13:12:10+00:00\" class=\"uagb-timeline__date-hide uagb-timeline__inner-date-new\">\n\t\t\t\tNovembro 15, 2024\t\t\t<\/div>\n\t\t\t\t\t\t\t\t\t\t\t\t\t\t<a class='uagb-timeline__image' href=\"https:\/\/terralivha.pt\/pt-pt\/proximas-plantacoes-noticias-sobre-um-incendio-e-proteccoes-futuras\/\" target=\"_self\" rel=\"noopener noreferrer\"><img loading=\"lazy\" decoding=\"async\" width=\"300\" height=\"239\" src=\"https:\/\/terralivha.pt\/wp-content\/uploads\/2024\/12\/plan-plantations-2024-300x239.png\" class=\"attachment-medium size-medium\" alt=\"\" srcset=\"https:\/\/terralivha.pt\/wp-content\/uploads\/2024\/12\/plan-plantations-2024-300x239.png 300w, https:\/\/terralivha.pt\/wp-content\/uploads\/2024\/12\/plan-plantations-2024-1024x816.png 1024w, https:\/\/terralivha.pt\/wp-content\/uploads\/2024\/12\/plan-plantations-2024-768x612.png 768w, https:\/\/terralivha.pt\/wp-content\/uploads\/2024\/12\/plan-plantations-2024.png 1140w\" sizes=\"auto, (max-width: 300px) 100vw, 300px\" \/>\t\t\t\t<\/a>\n\t\t\t\t\t\t\t\t\t\t\t\t\t\t\t\t\t\t\t<h3 class=\"uagb-timeline__heading\" >\n\t\t\t\t\t<a href=\"https:\/\/terralivha.pt\/pt-pt\/proximas-plantacoes-noticias-sobre-um-incendio-e-proteccoes-futuras\/\" target=\"_self\" rel=\"noopener noreferrer\">Pr\u00f3ximas planta\u00e7\u00f5es, not\u00edcias sobre um inc\u00eandio e protec\u00e7\u00f5es futuras<\/a>\n\t\t\t\t<\/h3>\n\t\t\t\t\t\t\t\t\t\t<div class=\"uagb-timeline-desc-content\">\n\t\t\t\t<p>Ol\u00e1 a todos! Hoje partilhamos contigo algumas novidades da Terra Livha. Embora os meses de ver\u00e3o tenham sido dedicados principalmente a um acompanhamento pontual das planta\u00e7\u00f5es do ano passado, n\u00e3o foi s\u00f3 isso que nos manteve ocupados. Antes de passarmos ao tema das futuras planta\u00e7\u00f5es, gostar\u00edamos de partilhar convosco um&#8230;\t\t\t<\/div>\n\t\t\t\t\t\t<div class=\"uagb-timeline__link_parent wp-block-button\">\n\t\t\t\t<a class=\"uagb-timeline__link wp-block-button__link\" style=\"\" href=\"https:\/\/terralivha.pt\/pt-pt\/proximas-plantacoes-noticias-sobre-um-incendio-e-proteccoes-futuras\/\" target=\"_self\" rel=\" noopener noreferrer\">Ler o artigo<\/a>\n\t\t\t<\/div>\n\t\t\t\t\t\t\t\t\t\t\t<div class = \"uagb-timeline__arrow\"><\/div>\n\t\t\t\t\t\t<\/div>\n\t\t\t\t\t<\/div>\n\t\t\t\t\t\t\t\t<\/article>\n\t\t\t\t\t\t<article class = \"uagb-timeline__field  uagb-timeline__left\">\n\t\t\t\t\t\t\t\t<div class = \"uagb-timeline__marker uagb-timeline__out-view-icon\" >\n\t\t\t\t<span class = \"uagb-timeline__icon-new uagb-timeline__out-view-icon\" >\t\t\t\t<svg xmlns=\"https:\/\/www.w3.org\/2000\/svg\" viewBox= \"0 0 448 512\"><path d=\"M160 32V64H288V32C288 14.33 302.3 0 320 0C337.7 0 352 14.33 352 32V64H400C426.5 64 448 85.49 448 112V160H0V112C0 85.49 21.49 64 48 64H96V32C96 14.33 110.3 0 128 0C145.7 0 160 14.33 160 32zM0 192H448V464C448 490.5 426.5 512 400 512H48C21.49 512 0 490.5 0 464V192zM64 304C64 312.8 71.16 320 80 320H112C120.8 320 128 312.8 128 304V272C128 263.2 120.8 256 112 256H80C71.16 256 64 263.2 64 272V304zM192 304C192 312.8 199.2 320 208 320H240C248.8 320 256 312.8 256 304V272C256 263.2 248.8 256 240 256H208C199.2 256 192 263.2 192 272V304zM336 256C327.2 256 320 263.2 320 272V304C320 312.8 327.2 320 336 320H368C376.8 320 384 312.8 384 304V272C384 263.2 376.8 256 368 256H336zM64 432C64 440.8 71.16 448 80 448H112C120.8 448 128 440.8 128 432V400C128 391.2 120.8 384 112 384H80C71.16 384 64 391.2 64 400V432zM208 384C199.2 384 192 391.2 192 400V432C192 440.8 199.2 448 208 448H240C248.8 448 256 440.8 256 432V400C256 391.2 248.8 384 240 384H208zM320 432C320 440.8 327.2 448 336 448H368C376.8 448 384 440.8 384 432V400C384 391.2 376.8 384 368 384H336C327.2 384 320 391.2 320 400V432z\"><\/path><\/svg>\n\t\t\t\t<\/span>\n\t\t\t<\/div>\n\t\t\t\t\t\t\t\t<div class = \"uagb-timeline__day-new uagb-timeline__day-left uagb-timeline__events-inner-new\" >\n\t\t\t\t\t\t<div class=\"uagb-timeline__events-inner--content\">\n\t\t\t\t\t\t\t\t\t\t\t<div datetime=\"2024-06-19T14:20:14+00:00\" class=\"uagb-timeline__date-hide uagb-timeline__inner-date-new\">\n\t\t\t\tJunho 19, 2024\t\t\t<\/div>\n\t\t\t\t\t\t\t\t\t\t\t\t\t\t<a class='uagb-timeline__image' href=\"https:\/\/terralivha.pt\/pt-pt\/resultado-do-concurso-dia-mais-sustentavel-em-que-o-terra-livha-participou\/\" target=\"_self\" rel=\"noopener noreferrer\"><img loading=\"lazy\" decoding=\"async\" width=\"300\" height=\"228\" src=\"https:\/\/terralivha.pt\/wp-content\/uploads\/2024\/06\/Dias-Mais-Sustentaveis-300x228.png\" class=\"attachment-medium size-medium\" alt=\"\" srcset=\"https:\/\/terralivha.pt\/wp-content\/uploads\/2024\/06\/Dias-Mais-Sustentaveis-300x228.png 300w, https:\/\/terralivha.pt\/wp-content\/uploads\/2024\/06\/Dias-Mais-Sustentaveis-526x400.png 526w, https:\/\/terralivha.pt\/wp-content\/uploads\/2024\/06\/Dias-Mais-Sustentaveis.png 540w\" sizes=\"auto, (max-width: 300px) 100vw, 300px\" \/>\t\t\t\t<\/a>\n\t\t\t\t\t\t\t\t\t\t\t\t\t\t\t\t\t\t\t<h3 class=\"uagb-timeline__heading\" >\n\t\t\t\t\t<a href=\"https:\/\/terralivha.pt\/pt-pt\/resultado-do-concurso-dia-mais-sustentavel-em-que-o-terra-livha-participou\/\" target=\"_self\" rel=\"noopener noreferrer\">Resultado do concurso &#8220;Dia Mais Sustent\u00e1vel&#8221; em que o Terra Livha participou<\/a>\n\t\t\t\t<\/h3>\n\t\t\t\t\t\t\t\t\t\t<div class=\"uagb-timeline-desc-content\">\n\t\t\t\t<p>Caros amigos da Terra Livha \ud83e\udd17 Escrevemos-vos hoje para vos dar conta dos resultados do concurso organizado pelo Cr\u00e9dito Agr\u00edcola Portugu\u00eas, no qual a Terra Livha participou. O concurso chamava-se &#8220;Dia Mais Sustent\u00e1vel&#8221; e tinha como objetivo premiar 4 projectos sociais ou ambientais em Portugal, oferecendo um pr\u00e9mio de 10.000\u20ac&#8230;.\t\t\t<\/div>\n\t\t\t\t\t\t<div class=\"uagb-timeline__link_parent wp-block-button\">\n\t\t\t\t<a class=\"uagb-timeline__link wp-block-button__link\" style=\"\" href=\"https:\/\/terralivha.pt\/pt-pt\/resultado-do-concurso-dia-mais-sustentavel-em-que-o-terra-livha-participou\/\" target=\"_self\" rel=\" noopener noreferrer\">Ler o artigo<\/a>\n\t\t\t<\/div>\n\t\t\t\t\t\t\t\t\t\t\t<div class = \"uagb-timeline__arrow\"><\/div>\n\t\t\t\t\t\t<\/div>\n\t\t\t\t\t<\/div>\n\t\t\t\t\t\t\t\t<\/article>\n\t\t\t\t\t\t<article class = \"uagb-timeline__field  uagb-timeline__left\">\n\t\t\t\t\t\t\t\t<div class = \"uagb-timeline__marker uagb-timeline__out-view-icon\" >\n\t\t\t\t<span class = \"uagb-timeline__icon-new uagb-timeline__out-view-icon\" >\t\t\t\t<svg xmlns=\"https:\/\/www.w3.org\/2000\/svg\" viewBox= \"0 0 448 512\"><path d=\"M160 32V64H288V32C288 14.33 302.3 0 320 0C337.7 0 352 14.33 352 32V64H400C426.5 64 448 85.49 448 112V160H0V112C0 85.49 21.49 64 48 64H96V32C96 14.33 110.3 0 128 0C145.7 0 160 14.33 160 32zM0 192H448V464C448 490.5 426.5 512 400 512H48C21.49 512 0 490.5 0 464V192zM64 304C64 312.8 71.16 320 80 320H112C120.8 320 128 312.8 128 304V272C128 263.2 120.8 256 112 256H80C71.16 256 64 263.2 64 272V304zM192 304C192 312.8 199.2 320 208 320H240C248.8 320 256 312.8 256 304V272C256 263.2 248.8 256 240 256H208C199.2 256 192 263.2 192 272V304zM336 256C327.2 256 320 263.2 320 272V304C320 312.8 327.2 320 336 320H368C376.8 320 384 312.8 384 304V272C384 263.2 376.8 256 368 256H336zM64 432C64 440.8 71.16 448 80 448H112C120.8 448 128 440.8 128 432V400C128 391.2 120.8 384 112 384H80C71.16 384 64 391.2 64 400V432zM208 384C199.2 384 192 391.2 192 400V432C192 440.8 199.2 448 208 448H240C248.8 448 256 440.8 256 432V400C256 391.2 248.8 384 240 384H208zM320 432C320 440.8 327.2 448 336 448H368C376.8 448 384 440.8 384 432V400C384 391.2 376.8 384 368 384H336C327.2 384 320 391.2 320 400V432z\"><\/path><\/svg>\n\t\t\t\t<\/span>\n\t\t\t<\/div>\n\t\t\t\t\t\t\t\t<div class = \"uagb-timeline__day-new uagb-timeline__day-left uagb-timeline__events-inner-new\" >\n\t\t\t\t\t\t<div class=\"uagb-timeline__events-inner--content\">\n\t\t\t\t\t\t\t\t\t\t\t<div datetime=\"2024-05-30T11:09:15+00:00\" class=\"uagb-timeline__date-hide uagb-timeline__inner-date-new\">\n\t\t\t\tMaio 30, 2024\t\t\t<\/div>\n\t\t\t\t\t\t\t\t\t\t\t\t\t\t<a class='uagb-timeline__image' href=\"https:\/\/terralivha.pt\/pt-pt\/um-mes-de-maio-rico-em-novidades-na-terra-livha-%e2%9b%8f%f0%9f%8c%b1\/\" target=\"_self\" rel=\"noopener noreferrer\"><img loading=\"lazy\" decoding=\"async\" width=\"300\" height=\"300\" src=\"https:\/\/terralivha.pt\/wp-content\/uploads\/2024\/05\/photo_2024-05-12_16-58-55-300x300.jpg\" class=\"attachment-medium size-medium\" alt=\"\" srcset=\"https:\/\/terralivha.pt\/wp-content\/uploads\/2024\/05\/photo_2024-05-12_16-58-55-300x300.jpg 300w, https:\/\/terralivha.pt\/wp-content\/uploads\/2024\/05\/photo_2024-05-12_16-58-55-1024x1024.jpg 1024w, https:\/\/terralivha.pt\/wp-content\/uploads\/2024\/05\/photo_2024-05-12_16-58-55-150x150.jpg 150w, https:\/\/terralivha.pt\/wp-content\/uploads\/2024\/05\/photo_2024-05-12_16-58-55-768x768.jpg 768w, https:\/\/terralivha.pt\/wp-content\/uploads\/2024\/05\/photo_2024-05-12_16-58-55.jpg 1280w\" sizes=\"auto, (max-width: 300px) 100vw, 300px\" \/>\t\t\t\t<\/a>\n\t\t\t\t\t\t\t\t\t\t\t\t\t\t\t\t\t\t\t<h3 class=\"uagb-timeline__heading\" >\n\t\t\t\t\t<a href=\"https:\/\/terralivha.pt\/pt-pt\/um-mes-de-maio-rico-em-novidades-na-terra-livha-%e2%9b%8f%f0%9f%8c%b1\/\" target=\"_self\" rel=\"noopener noreferrer\">Um m\u00eas de maio rico em novidades na Terra Livha \u26cf\ud83c\udf31<\/a>\n\t\t\t\t<\/h3>\n\t\t\t\t\t\t\t\t\t\t<div class=\"uagb-timeline-desc-content\">\n\t\t\t\t<p>Caros amigos da Terra Livha, \u00c9 um prazer partilhar convosco os \u00faltimos progressos do nosso projeto, diretamente do terreno. O m\u00eas de maio foi rico em trabalhos coletivo e resultou em v\u00e1rias atividades muito boas! No in\u00edcio de maio, um grupo de volunt\u00e1rios trabalhou arduamente numa s\u00e9rie de tarefas muito&#8230;\t\t\t<\/div>\n\t\t\t\t\t\t<div class=\"uagb-timeline__link_parent wp-block-button\">\n\t\t\t\t<a class=\"uagb-timeline__link wp-block-button__link\" style=\"\" href=\"https:\/\/terralivha.pt\/pt-pt\/um-mes-de-maio-rico-em-novidades-na-terra-livha-%e2%9b%8f%f0%9f%8c%b1\/\" target=\"_self\" rel=\" noopener noreferrer\">Ler o artigo<\/a>\n\t\t\t<\/div>\n\t\t\t\t\t\t\t\t\t\t\t<div class = \"uagb-timeline__arrow\"><\/div>\n\t\t\t\t\t\t<\/div>\n\t\t\t\t\t<\/div>\n\t\t\t\t\t\t\t\t<\/article>\n\t\t\t\t\t\t<article class = \"uagb-timeline__field  uagb-timeline__left\">\n\t\t\t\t\t\t\t\t<div class = \"uagb-timeline__marker uagb-timeline__out-view-icon\" >\n\t\t\t\t<span class = \"uagb-timeline__icon-new uagb-timeline__out-view-icon\" >\t\t\t\t<svg xmlns=\"https:\/\/www.w3.org\/2000\/svg\" viewBox= \"0 0 448 512\"><path d=\"M160 32V64H288V32C288 14.33 302.3 0 320 0C337.7 0 352 14.33 352 32V64H400C426.5 64 448 85.49 448 112V160H0V112C0 85.49 21.49 64 48 64H96V32C96 14.33 110.3 0 128 0C145.7 0 160 14.33 160 32zM0 192H448V464C448 490.5 426.5 512 400 512H48C21.49 512 0 490.5 0 464V192zM64 304C64 312.8 71.16 320 80 320H112C120.8 320 128 312.8 128 304V272C128 263.2 120.8 256 112 256H80C71.16 256 64 263.2 64 272V304zM192 304C192 312.8 199.2 320 208 320H240C248.8 320 256 312.8 256 304V272C256 263.2 248.8 256 240 256H208C199.2 256 192 263.2 192 272V304zM336 256C327.2 256 320 263.2 320 272V304C320 312.8 327.2 320 336 320H368C376.8 320 384 312.8 384 304V272C384 263.2 376.8 256 368 256H336zM64 432C64 440.8 71.16 448 80 448H112C120.8 448 128 440.8 128 432V400C128 391.2 120.8 384 112 384H80C71.16 384 64 391.2 64 400V432zM208 384C199.2 384 192 391.2 192 400V432C192 440.8 199.2 448 208 448H240C248.8 448 256 440.8 256 432V400C256 391.2 248.8 384 240 384H208zM320 432C320 440.8 327.2 448 336 448H368C376.8 448 384 440.8 384 432V400C384 391.2 376.8 384 368 384H336C327.2 384 320 391.2 320 400V432z\"><\/path><\/svg>\n\t\t\t\t<\/span>\n\t\t\t<\/div>\n\t\t\t\t\t\t\t\t<div class = \"uagb-timeline__day-new uagb-timeline__day-left uagb-timeline__events-inner-new\" >\n\t\t\t\t\t\t<div class=\"uagb-timeline__events-inner--content\">\n\t\t\t\t\t\t\t\t\t\t\t<div datetime=\"2024-04-11T17:09:05+00:00\" class=\"uagb-timeline__date-hide uagb-timeline__inner-date-new\">\n\t\t\t\tAbril 11, 2024\t\t\t<\/div>\n\t\t\t\t\t\t\t\t\t\t\t\t\t\t<a class='uagb-timeline__image' href=\"https:\/\/terralivha.pt\/pt-pt\/a-primeira-colheita-no-campo\/\" target=\"_self\" rel=\"noopener noreferrer\"><img loading=\"lazy\" decoding=\"async\" width=\"300\" height=\"221\" src=\"https:\/\/terralivha.pt\/wp-content\/uploads\/2024\/04\/WhatsApp-Image-2024-04-10-a-10.50.21_da2a0c12-Copie-300x221.jpg\" class=\"attachment-medium size-medium\" alt=\"\" srcset=\"https:\/\/terralivha.pt\/wp-content\/uploads\/2024\/04\/WhatsApp-Image-2024-04-10-a-10.50.21_da2a0c12-Copie-300x221.jpg 300w, https:\/\/terralivha.pt\/wp-content\/uploads\/2024\/04\/WhatsApp-Image-2024-04-10-a-10.50.21_da2a0c12-Copie-1024x753.jpg 1024w, https:\/\/terralivha.pt\/wp-content\/uploads\/2024\/04\/WhatsApp-Image-2024-04-10-a-10.50.21_da2a0c12-Copie-768x565.jpg 768w, https:\/\/terralivha.pt\/wp-content\/uploads\/2024\/04\/WhatsApp-Image-2024-04-10-a-10.50.21_da2a0c12-Copie-544x400.jpg 544w, https:\/\/terralivha.pt\/wp-content\/uploads\/2024\/04\/WhatsApp-Image-2024-04-10-a-10.50.21_da2a0c12-Copie.jpg 1505w\" sizes=\"auto, (max-width: 300px) 100vw, 300px\" \/>\t\t\t\t<\/a>\n\t\t\t\t\t\t\t\t\t\t\t\t\t\t\t\t\t\t\t<h3 class=\"uagb-timeline__heading\" >\n\t\t\t\t\t<a href=\"https:\/\/terralivha.pt\/pt-pt\/a-primeira-colheita-no-campo\/\" target=\"_self\" rel=\"noopener noreferrer\">A primeira colheita no campo!<\/a>\n\t\t\t\t<\/h3>\n\t\t\t\t\t\t\t\t\t\t<div class=\"uagb-timeline-desc-content\">\n\t\t\t\t<p>Ol\u00e1 a todos, Temos o prazer de partilhar hoje algumas boas not\u00edcias do terreno. A primeira colheita de azeitonas aconteceu! Come\u00e7ou em novembro e terminou em dezembro. Como j\u00e1 est\u00e1vamos muito ocupados com a planta\u00e7\u00e3o que come\u00e7ou em novembro, que requer muita aten\u00e7\u00e3o para que cres\u00e7a o melhor poss\u00edvel, decidimos&#8230;\t\t\t<\/div>\n\t\t\t\t\t\t<div class=\"uagb-timeline__link_parent wp-block-button\">\n\t\t\t\t<a class=\"uagb-timeline__link wp-block-button__link\" style=\"\" href=\"https:\/\/terralivha.pt\/pt-pt\/a-primeira-colheita-no-campo\/\" target=\"_self\" rel=\" noopener noreferrer\">Ler o artigo<\/a>\n\t\t\t<\/div>\n\t\t\t\t\t\t\t\t\t\t\t<div class = \"uagb-timeline__arrow\"><\/div>\n\t\t\t\t\t\t<\/div>\n\t\t\t\t\t<\/div>\n\t\t\t\t\t\t\t\t<\/article>\n\t\t\t\t\t\t<article class = \"uagb-timeline__field  uagb-timeline__left\">\n\t\t\t\t\t\t\t\t<div class = \"uagb-timeline__marker uagb-timeline__out-view-icon\" >\n\t\t\t\t<span class = \"uagb-timeline__icon-new uagb-timeline__out-view-icon\" >\t\t\t\t<svg xmlns=\"https:\/\/www.w3.org\/2000\/svg\" viewBox= \"0 0 448 512\"><path d=\"M160 32V64H288V32C288 14.33 302.3 0 320 0C337.7 0 352 14.33 352 32V64H400C426.5 64 448 85.49 448 112V160H0V112C0 85.49 21.49 64 48 64H96V32C96 14.33 110.3 0 128 0C145.7 0 160 14.33 160 32zM0 192H448V464C448 490.5 426.5 512 400 512H48C21.49 512 0 490.5 0 464V192zM64 304C64 312.8 71.16 320 80 320H112C120.8 320 128 312.8 128 304V272C128 263.2 120.8 256 112 256H80C71.16 256 64 263.2 64 272V304zM192 304C192 312.8 199.2 320 208 320H240C248.8 320 256 312.8 256 304V272C256 263.2 248.8 256 240 256H208C199.2 256 192 263.2 192 272V304zM336 256C327.2 256 320 263.2 320 272V304C320 312.8 327.2 320 336 320H368C376.8 320 384 312.8 384 304V272C384 263.2 376.8 256 368 256H336zM64 432C64 440.8 71.16 448 80 448H112C120.8 448 128 440.8 128 432V400C128 391.2 120.8 384 112 384H80C71.16 384 64 391.2 64 400V432zM208 384C199.2 384 192 391.2 192 400V432C192 440.8 199.2 448 208 448H240C248.8 448 256 440.8 256 432V400C256 391.2 248.8 384 240 384H208zM320 432C320 440.8 327.2 448 336 448H368C376.8 448 384 440.8 384 432V400C384 391.2 376.8 384 368 384H336C327.2 384 320 391.2 320 400V432z\"><\/path><\/svg>\n\t\t\t\t<\/span>\n\t\t\t<\/div>\n\t\t\t\t\t\t\t\t<div class = \"uagb-timeline__day-new uagb-timeline__day-left uagb-timeline__events-inner-new\" >\n\t\t\t\t\t\t<div class=\"uagb-timeline__events-inner--content\">\n\t\t\t\t\t\t\t\t\t\t\t<div datetime=\"2024-03-01T20:33:27+00:00\" class=\"uagb-timeline__date-hide uagb-timeline__inner-date-new\">\n\t\t\t\tMar\u00e7o 1, 2024\t\t\t<\/div>\n\t\t\t\t\t\t\t\t\t\t\t\t\t\t<a class='uagb-timeline__image' href=\"https:\/\/terralivha.pt\/pt-pt\/a-casa-do-monte-mantem-se-seca-enquanto-esperamos-que-comecem-as-obras-de-renovacao-%f0%9f%94%a8\/\" target=\"_self\" rel=\"noopener noreferrer\"><img loading=\"lazy\" decoding=\"async\" width=\"300\" height=\"169\" src=\"https:\/\/terralivha.pt\/wp-content\/uploads\/2024\/03\/photo-issue-de-videodrone-2-300x169.png\" class=\"attachment-medium size-medium\" alt=\"\" srcset=\"https:\/\/terralivha.pt\/wp-content\/uploads\/2024\/03\/photo-issue-de-videodrone-2-300x169.png 300w, https:\/\/terralivha.pt\/wp-content\/uploads\/2024\/03\/photo-issue-de-videodrone-2-1024x576.png 1024w, https:\/\/terralivha.pt\/wp-content\/uploads\/2024\/03\/photo-issue-de-videodrone-2-768x432.png 768w, https:\/\/terralivha.pt\/wp-content\/uploads\/2024\/03\/photo-issue-de-videodrone-2-1536x864.png 1536w, https:\/\/terralivha.pt\/wp-content\/uploads\/2024\/03\/photo-issue-de-videodrone-2-2048x1152.png 2048w, https:\/\/terralivha.pt\/wp-content\/uploads\/2024\/03\/photo-issue-de-videodrone-2-711x400.png 711w\" sizes=\"auto, (max-width: 300px) 100vw, 300px\" \/>\t\t\t\t<\/a>\n\t\t\t\t\t\t\t\t\t\t\t\t\t\t\t\t\t\t\t<h3 class=\"uagb-timeline__heading\" >\n\t\t\t\t\t<a href=\"https:\/\/terralivha.pt\/pt-pt\/a-casa-do-monte-mantem-se-seca-enquanto-esperamos-que-comecem-as-obras-de-renovacao-%f0%9f%94%a8\/\" target=\"_self\" rel=\"noopener noreferrer\">A casa do monte mant\u00e9m-se seca&#8230; enquanto esperamos que comecem as obras de renova\u00e7\u00e3o \ud83d\udd28<\/a>\n\t\t\t\t<\/h3>\n\t\t\t\t\t\t\t\t\t\t<div class=\"uagb-timeline-desc-content\">\n\t\t\t\t<p>Ol\u00e1 a todos e a todas, Temos algumas not\u00edcias do terreno. Durante o inverno tom\u00e1mos a decis\u00e3o de proteger certas \u00e1reas da antiga casa do monte que est\u00e3o expostas \u00e0 chuva. Tivemos a oportunidade de estudar com maior pormenor o estado da ru\u00edna e, embora as paredes estejam em bastante&#8230;\t\t\t<\/div>\n\t\t\t\t\t\t<div class=\"uagb-timeline__link_parent wp-block-button\">\n\t\t\t\t<a class=\"uagb-timeline__link wp-block-button__link\" style=\"\" href=\"https:\/\/terralivha.pt\/pt-pt\/a-casa-do-monte-mantem-se-seca-enquanto-esperamos-que-comecem-as-obras-de-renovacao-%f0%9f%94%a8\/\" target=\"_self\" rel=\" noopener noreferrer\">Ler o artigo<\/a>\n\t\t\t<\/div>\n\t\t\t\t\t\t\t\t\t\t\t<div class = \"uagb-timeline__arrow\"><\/div>\n\t\t\t\t\t\t<\/div>\n\t\t\t\t\t<\/div>\n\t\t\t\t\t\t\t\t<\/article>\n\t\t\t\t\t\t<article class = \"uagb-timeline__field  uagb-timeline__left\">\n\t\t\t\t\t\t\t\t<div class = \"uagb-timeline__marker uagb-timeline__out-view-icon\" >\n\t\t\t\t<span class = \"uagb-timeline__icon-new uagb-timeline__out-view-icon\" >\t\t\t\t<svg xmlns=\"https:\/\/www.w3.org\/2000\/svg\" viewBox= \"0 0 448 512\"><path d=\"M160 32V64H288V32C288 14.33 302.3 0 320 0C337.7 0 352 14.33 352 32V64H400C426.5 64 448 85.49 448 112V160H0V112C0 85.49 21.49 64 48 64H96V32C96 14.33 110.3 0 128 0C145.7 0 160 14.33 160 32zM0 192H448V464C448 490.5 426.5 512 400 512H48C21.49 512 0 490.5 0 464V192zM64 304C64 312.8 71.16 320 80 320H112C120.8 320 128 312.8 128 304V272C128 263.2 120.8 256 112 256H80C71.16 256 64 263.2 64 272V304zM192 304C192 312.8 199.2 320 208 320H240C248.8 320 256 312.8 256 304V272C256 263.2 248.8 256 240 256H208C199.2 256 192 263.2 192 272V304zM336 256C327.2 256 320 263.2 320 272V304C320 312.8 327.2 320 336 320H368C376.8 320 384 312.8 384 304V272C384 263.2 376.8 256 368 256H336zM64 432C64 440.8 71.16 448 80 448H112C120.8 448 128 440.8 128 432V400C128 391.2 120.8 384 112 384H80C71.16 384 64 391.2 64 400V432zM208 384C199.2 384 192 391.2 192 400V432C192 440.8 199.2 448 208 448H240C248.8 448 256 440.8 256 432V400C256 391.2 248.8 384 240 384H208zM320 432C320 440.8 327.2 448 336 448H368C376.8 448 384 440.8 384 432V400C384 391.2 376.8 384 368 384H336C327.2 384 320 391.2 320 400V432z\"><\/path><\/svg>\n\t\t\t\t<\/span>\n\t\t\t<\/div>\n\t\t\t\t\t\t\t\t<div class = \"uagb-timeline__day-new uagb-timeline__day-left uagb-timeline__events-inner-new\" >\n\t\t\t\t\t\t<div class=\"uagb-timeline__events-inner--content\">\n\t\t\t\t\t\t\t\t\t\t\t<div datetime=\"2024-02-23T14:18:42+00:00\" class=\"uagb-timeline__date-hide uagb-timeline__inner-date-new\">\n\t\t\t\tFevereiro 23, 2024\t\t\t<\/div>\n\t\t\t\t\t\t\t\t\t\t\t\t\t\t<a class='uagb-timeline__image' href=\"https:\/\/terralivha.pt\/pt-pt\/reportage-reportagem-mais-de-6-000-plantas-plantadas-e-poda-em-10-hectares-de-terreno\/\" target=\"_self\" rel=\"noopener noreferrer\"><img loading=\"lazy\" decoding=\"async\" width=\"300\" height=\"225\" src=\"https:\/\/terralivha.pt\/wp-content\/uploads\/2023\/12\/P1050730-300x225.jpg\" class=\"attachment-medium size-medium\" alt=\"\" srcset=\"https:\/\/terralivha.pt\/wp-content\/uploads\/2023\/12\/P1050730-300x225.jpg 300w, https:\/\/terralivha.pt\/wp-content\/uploads\/2023\/12\/P1050730-1024x768.jpg 1024w, https:\/\/terralivha.pt\/wp-content\/uploads\/2023\/12\/P1050730-768x576.jpg 768w, https:\/\/terralivha.pt\/wp-content\/uploads\/2023\/12\/P1050730-1536x1152.jpg 1536w, https:\/\/terralivha.pt\/wp-content\/uploads\/2023\/12\/P1050730-2048x1536.jpg 2048w, https:\/\/terralivha.pt\/wp-content\/uploads\/2023\/12\/P1050730-533x400.jpg 533w\" sizes=\"auto, (max-width: 300px) 100vw, 300px\" \/>\t\t\t\t<\/a>\n\t\t\t\t\t\t\t\t\t\t\t\t\t\t\t\t\t\t\t<h3 class=\"uagb-timeline__heading\" >\n\t\t\t\t\t<a href=\"https:\/\/terralivha.pt\/pt-pt\/reportage-reportagem-mais-de-6-000-plantas-plantadas-e-poda-em-10-hectares-de-terreno\/\" target=\"_self\" rel=\"noopener noreferrer\">[Reportagem] Mais de 6.000 \u00e1rvores e arbustos plantados! (e poda de centenas de carvalhos)<\/a>\n\t\t\t\t<\/h3>\n\t\t\t\t\t\t\t\t\t\t<div class=\"uagb-timeline-desc-content\">\n\t\t\t\t<p>Ol\u00e1 a todos e a todas, Voici un petit reportage sur la premi\u00e8re action d\u2019envergure entreprise sur le terrain, en novembre 2023. Cet article fait suite \u00e0 l\u2019article pr\u00e9c\u00e9dent pr\u00e9sentant le projet de planter plus de 6000 arbres et arbustes, et de tailler des arbres sur une surface de 10&#8230;\t\t\t<\/div>\n\t\t\t\t\t\t<div class=\"uagb-timeline__link_parent wp-block-button\">\n\t\t\t\t<a class=\"uagb-timeline__link wp-block-button__link\" style=\"\" href=\"https:\/\/terralivha.pt\/pt-pt\/reportage-reportagem-mais-de-6-000-plantas-plantadas-e-poda-em-10-hectares-de-terreno\/\" target=\"_self\" rel=\" noopener noreferrer\">Ler o artigo<\/a>\n\t\t\t<\/div>\n\t\t\t\t\t\t\t\t\t\t\t<div class = \"uagb-timeline__arrow\"><\/div>\n\t\t\t\t\t\t<\/div>\n\t\t\t\t\t<\/div>\n\t\t\t\t\t\t\t\t<\/article>\n\t\t\t\t\t\t<article class = \"uagb-timeline__field  uagb-timeline__left\">\n\t\t\t\t\t\t\t\t<div class = \"uagb-timeline__marker uagb-timeline__out-view-icon\" >\n\t\t\t\t<span class = \"uagb-timeline__icon-new uagb-timeline__out-view-icon\" >\t\t\t\t<svg xmlns=\"https:\/\/www.w3.org\/2000\/svg\" viewBox= \"0 0 448 512\"><path d=\"M160 32V64H288V32C288 14.33 302.3 0 320 0C337.7 0 352 14.33 352 32V64H400C426.5 64 448 85.49 448 112V160H0V112C0 85.49 21.49 64 48 64H96V32C96 14.33 110.3 0 128 0C145.7 0 160 14.33 160 32zM0 192H448V464C448 490.5 426.5 512 400 512H48C21.49 512 0 490.5 0 464V192zM64 304C64 312.8 71.16 320 80 320H112C120.8 320 128 312.8 128 304V272C128 263.2 120.8 256 112 256H80C71.16 256 64 263.2 64 272V304zM192 304C192 312.8 199.2 320 208 320H240C248.8 320 256 312.8 256 304V272C256 263.2 248.8 256 240 256H208C199.2 256 192 263.2 192 272V304zM336 256C327.2 256 320 263.2 320 272V304C320 312.8 327.2 320 336 320H368C376.8 320 384 312.8 384 304V272C384 263.2 376.8 256 368 256H336zM64 432C64 440.8 71.16 448 80 448H112C120.8 448 128 440.8 128 432V400C128 391.2 120.8 384 112 384H80C71.16 384 64 391.2 64 400V432zM208 384C199.2 384 192 391.2 192 400V432C192 440.8 199.2 448 208 448H240C248.8 448 256 440.8 256 432V400C256 391.2 248.8 384 240 384H208zM320 432C320 440.8 327.2 448 336 448H368C376.8 448 384 440.8 384 432V400C384 391.2 376.8 384 368 384H336C327.2 384 320 391.2 320 400V432z\"><\/path><\/svg>\n\t\t\t\t<\/span>\n\t\t\t<\/div>\n\t\t\t\t\t\t\t\t<div class = \"uagb-timeline__day-new uagb-timeline__day-left uagb-timeline__events-inner-new\" >\n\t\t\t\t\t\t<div class=\"uagb-timeline__events-inner--content\">\n\t\t\t\t\t\t\t\t\t\t\t<div datetime=\"2023-12-09T14:44:46+00:00\" class=\"uagb-timeline__date-hide uagb-timeline__inner-date-new\">\n\t\t\t\tDezembro 9, 2023\t\t\t<\/div>\n\t\t\t\t\t\t\t\t\t\t\t\t\t\t<a class='uagb-timeline__image' href=\"https:\/\/terralivha.pt\/pt-pt\/preparacao-da-primeira-grande-operacao-de-plantacao-e-de-poda-de-arvores-%f0%9f%8c%b3\/\" target=\"_self\" rel=\"noopener noreferrer\"><img loading=\"lazy\" decoding=\"async\" width=\"300\" height=\"186\" src=\"https:\/\/terralivha.pt\/wp-content\/uploads\/2023\/12\/2023-12-10-17-01-11-300x186.png\" class=\"attachment-medium size-medium\" alt=\"\" srcset=\"https:\/\/terralivha.pt\/wp-content\/uploads\/2023\/12\/2023-12-10-17-01-11-300x186.png 300w, https:\/\/terralivha.pt\/wp-content\/uploads\/2023\/12\/2023-12-10-17-01-11-1024x635.png 1024w, https:\/\/terralivha.pt\/wp-content\/uploads\/2023\/12\/2023-12-10-17-01-11-768x476.png 768w, https:\/\/terralivha.pt\/wp-content\/uploads\/2023\/12\/2023-12-10-17-01-11-645x400.png 645w, https:\/\/terralivha.pt\/wp-content\/uploads\/2023\/12\/2023-12-10-17-01-11.png 1199w\" sizes=\"auto, (max-width: 300px) 100vw, 300px\" \/>\t\t\t\t<\/a>\n\t\t\t\t\t\t\t\t\t\t\t\t\t\t\t\t\t\t\t<h3 class=\"uagb-timeline__heading\" >\n\t\t\t\t\t<a href=\"https:\/\/terralivha.pt\/pt-pt\/preparacao-da-primeira-grande-operacao-de-plantacao-e-de-poda-de-arvores-%f0%9f%8c%b3\/\" target=\"_self\" rel=\"noopener noreferrer\">Prepara\u00e7\u00e3o da primeira grande opera\u00e7\u00e3o de planta\u00e7\u00e3o e de poda de \u00e1rvores \ud83c\udf33<\/a>\n\t\t\t\t<\/h3>\n\t\t\t\t\t\t\t\t\t\t<div class=\"uagb-timeline-desc-content\">\n\t\t\t\t<p>Ol\u00e1 a todos e a todas, Estamos muito satisfeitos por poder partilhar convosco a primeira grande opera\u00e7\u00e3o prevista no terreno. Assim que fizemos a compra, em abril de 2023, come\u00e7\u00e1mos a planear as prioridades do projeto. Sabendo que os trabalhos de recupera\u00e7\u00e3o da antiga casa do monte se iriam prolongar&#8230;\t\t\t<\/div>\n\t\t\t\t\t\t<div class=\"uagb-timeline__link_parent wp-block-button\">\n\t\t\t\t<a class=\"uagb-timeline__link wp-block-button__link\" style=\"\" href=\"https:\/\/terralivha.pt\/pt-pt\/preparacao-da-primeira-grande-operacao-de-plantacao-e-de-poda-de-arvores-%f0%9f%8c%b3\/\" target=\"_self\" rel=\" noopener noreferrer\">Ler o artigo<\/a>\n\t\t\t<\/div>\n\t\t\t\t\t\t\t\t\t\t\t<div class = \"uagb-timeline__arrow\"><\/div>\n\t\t\t\t\t\t<\/div>\n\t\t\t\t\t<\/div>\n\t\t\t\t\t\t\t\t<\/article>\n\t\t\t\t\t\t<article class = \"uagb-timeline__field  uagb-timeline__left\">\n\t\t\t\t\t\t\t\t<div class = \"uagb-timeline__marker uagb-timeline__out-view-icon\" >\n\t\t\t\t<span class = \"uagb-timeline__icon-new uagb-timeline__out-view-icon\" >\t\t\t\t<svg xmlns=\"https:\/\/www.w3.org\/2000\/svg\" viewBox= \"0 0 448 512\"><path d=\"M160 32V64H288V32C288 14.33 302.3 0 320 0C337.7 0 352 14.33 352 32V64H400C426.5 64 448 85.49 448 112V160H0V112C0 85.49 21.49 64 48 64H96V32C96 14.33 110.3 0 128 0C145.7 0 160 14.33 160 32zM0 192H448V464C448 490.5 426.5 512 400 512H48C21.49 512 0 490.5 0 464V192zM64 304C64 312.8 71.16 320 80 320H112C120.8 320 128 312.8 128 304V272C128 263.2 120.8 256 112 256H80C71.16 256 64 263.2 64 272V304zM192 304C192 312.8 199.2 320 208 320H240C248.8 320 256 312.8 256 304V272C256 263.2 248.8 256 240 256H208C199.2 256 192 263.2 192 272V304zM336 256C327.2 256 320 263.2 320 272V304C320 312.8 327.2 320 336 320H368C376.8 320 384 312.8 384 304V272C384 263.2 376.8 256 368 256H336zM64 432C64 440.8 71.16 448 80 448H112C120.8 448 128 440.8 128 432V400C128 391.2 120.8 384 112 384H80C71.16 384 64 391.2 64 400V432zM208 384C199.2 384 192 391.2 192 400V432C192 440.8 199.2 448 208 448H240C248.8 448 256 440.8 256 432V400C256 391.2 248.8 384 240 384H208zM320 432C320 440.8 327.2 448 336 448H368C376.8 448 384 440.8 384 432V400C384 391.2 376.8 384 368 384H336C327.2 384 320 391.2 320 400V432z\"><\/path><\/svg>\n\t\t\t\t<\/span>\n\t\t\t<\/div>\n\t\t\t\t\t\t\t\t<div class = \"uagb-timeline__day-new uagb-timeline__day-left uagb-timeline__events-inner-new\" >\n\t\t\t\t\t\t<div class=\"uagb-timeline__events-inner--content\">\n\t\t\t\t\t\t\t\t\t\t\t<div datetime=\"2023-12-09T14:43:19+00:00\" class=\"uagb-timeline__date-hide uagb-timeline__inner-date-new\">\n\t\t\t\tDezembro 9, 2023\t\t\t<\/div>\n\t\t\t\t\t\t\t\t\t\t\t\t\t\t<a class='uagb-timeline__image' href=\"https:\/\/terralivha.pt\/pt-pt\/estudo-para-o-projeto-de-arquitetura-da-antiga-casa-do-monte\/\" target=\"_self\" rel=\"noopener noreferrer\"><img loading=\"lazy\" decoding=\"async\" width=\"300\" height=\"200\" src=\"https:\/\/terralivha.pt\/wp-content\/uploads\/2023\/12\/MG_6628-300x200.jpg\" class=\"attachment-medium size-medium\" alt=\"\" srcset=\"https:\/\/terralivha.pt\/wp-content\/uploads\/2023\/12\/MG_6628-300x200.jpg 300w, https:\/\/terralivha.pt\/wp-content\/uploads\/2023\/12\/MG_6628-1024x683.jpg 1024w, https:\/\/terralivha.pt\/wp-content\/uploads\/2023\/12\/MG_6628-768x512.jpg 768w, https:\/\/terralivha.pt\/wp-content\/uploads\/2023\/12\/MG_6628-1536x1024.jpg 1536w, https:\/\/terralivha.pt\/wp-content\/uploads\/2023\/12\/MG_6628-2048x1365.jpg 2048w, https:\/\/terralivha.pt\/wp-content\/uploads\/2023\/12\/MG_6628-scaled-600x400.jpg 600w\" sizes=\"auto, (max-width: 300px) 100vw, 300px\" \/>\t\t\t\t<\/a>\n\t\t\t\t\t\t\t\t\t\t\t\t\t\t\t\t\t\t\t<h3 class=\"uagb-timeline__heading\" >\n\t\t\t\t\t<a href=\"https:\/\/terralivha.pt\/pt-pt\/estudo-para-o-projeto-de-arquitetura-da-antiga-casa-do-monte\/\" target=\"_self\" rel=\"noopener noreferrer\">Os planos para renovar a antiga quinta est\u00e3o a tomar forma!<\/a>\n\t\t\t\t<\/h3>\n\t\t\t\t\t\t\t\t\t\t<div class=\"uagb-timeline-desc-content\">\n\t\t\t\t<p>Ol\u00e1 a todos! Aqui est\u00e3o algumas atualiza\u00e7\u00f5es sobre a renova\u00e7\u00e3o e amplia\u00e7\u00e3o da antiga casa do monte, no centro do terreno. Este edif\u00edcio antigo situa-se no centro do terreno e est\u00e1 parcialmente em ru\u00ednas. \u00c9 feito de taipa (terra) e tem uma \u00e1rea constru\u00edda de cerca de 350m2. \u00c9 um&#8230;\t\t\t<\/div>\n\t\t\t\t\t\t<div class=\"uagb-timeline__link_parent wp-block-button\">\n\t\t\t\t<a class=\"uagb-timeline__link wp-block-button__link\" style=\"\" href=\"https:\/\/terralivha.pt\/pt-pt\/estudo-para-o-projeto-de-arquitetura-da-antiga-casa-do-monte\/\" target=\"_self\" rel=\" noopener noreferrer\">Ler o artigo<\/a>\n\t\t\t<\/div>\n\t\t\t\t\t\t\t\t\t\t\t<div class = \"uagb-timeline__arrow\"><\/div>\n\t\t\t\t\t\t<\/div>\n\t\t\t\t\t<\/div>\n\t\t\t\t\t\t\t\t<\/article>\n\t\t\t\t\t\t<article class = \"uagb-timeline__field  uagb-timeline__left\">\n\t\t\t\t\t\t\t\t<div class = \"uagb-timeline__marker uagb-timeline__out-view-icon\" >\n\t\t\t\t<span class = \"uagb-timeline__icon-new uagb-timeline__out-view-icon\" >\t\t\t\t<svg xmlns=\"https:\/\/www.w3.org\/2000\/svg\" viewBox= \"0 0 448 512\"><path d=\"M160 32V64H288V32C288 14.33 302.3 0 320 0C337.7 0 352 14.33 352 32V64H400C426.5 64 448 85.49 448 112V160H0V112C0 85.49 21.49 64 48 64H96V32C96 14.33 110.3 0 128 0C145.7 0 160 14.33 160 32zM0 192H448V464C448 490.5 426.5 512 400 512H48C21.49 512 0 490.5 0 464V192zM64 304C64 312.8 71.16 320 80 320H112C120.8 320 128 312.8 128 304V272C128 263.2 120.8 256 112 256H80C71.16 256 64 263.2 64 272V304zM192 304C192 312.8 199.2 320 208 320H240C248.8 320 256 312.8 256 304V272C256 263.2 248.8 256 240 256H208C199.2 256 192 263.2 192 272V304zM336 256C327.2 256 320 263.2 320 272V304C320 312.8 327.2 320 336 320H368C376.8 320 384 312.8 384 304V272C384 263.2 376.8 256 368 256H336zM64 432C64 440.8 71.16 448 80 448H112C120.8 448 128 440.8 128 432V400C128 391.2 120.8 384 112 384H80C71.16 384 64 391.2 64 400V432zM208 384C199.2 384 192 391.2 192 400V432C192 440.8 199.2 448 208 448H240C248.8 448 256 440.8 256 432V400C256 391.2 248.8 384 240 384H208zM320 432C320 440.8 327.2 448 336 448H368C376.8 448 384 440.8 384 432V400C384 391.2 376.8 384 368 384H336C327.2 384 320 391.2 320 400V432z\"><\/path><\/svg>\n\t\t\t\t<\/span>\n\t\t\t<\/div>\n\t\t\t\t\t\t\t\t<div class = \"uagb-timeline__day-new uagb-timeline__day-left uagb-timeline__events-inner-new\" >\n\t\t\t\t\t\t<div class=\"uagb-timeline__events-inner--content\">\n\t\t\t\t\t\t\t\t\t\t\t<div datetime=\"2023-12-09T14:12:43+00:00\" class=\"uagb-timeline__date-hide uagb-timeline__inner-date-new\">\n\t\t\t\tDezembro 9, 2023\t\t\t<\/div>\n\t\t\t\t\t\t\t\t\t\t\t\t\t\t<a class='uagb-timeline__image' href=\"https:\/\/terralivha.pt\/pt-pt\/a-compra-do-terreno-uma-grande-aventura-que-acabou-com-sucesso-gracas-ao-apoio-da-comunidade-%f0%9f%92%9b%f0%9f%8e%89\/\" target=\"_self\" rel=\"noopener noreferrer\"><img loading=\"lazy\" decoding=\"async\" width=\"300\" height=\"214\" src=\"https:\/\/terralivha.pt\/wp-content\/uploads\/2023\/12\/IMG-20230406-WA0019-Copie-2-300x214.jpg\" class=\"attachment-medium size-medium\" alt=\"\" srcset=\"https:\/\/terralivha.pt\/wp-content\/uploads\/2023\/12\/IMG-20230406-WA0019-Copie-2-300x214.jpg 300w, https:\/\/terralivha.pt\/wp-content\/uploads\/2023\/12\/IMG-20230406-WA0019-Copie-2-1024x729.jpg 1024w, https:\/\/terralivha.pt\/wp-content\/uploads\/2023\/12\/IMG-20230406-WA0019-Copie-2-768x547.jpg 768w, https:\/\/terralivha.pt\/wp-content\/uploads\/2023\/12\/IMG-20230406-WA0019-Copie-2-562x400.jpg 562w, https:\/\/terralivha.pt\/wp-content\/uploads\/2023\/12\/IMG-20230406-WA0019-Copie-2.jpg 1212w\" sizes=\"auto, (max-width: 300px) 100vw, 300px\" \/>\t\t\t\t<\/a>\n\t\t\t\t\t\t\t\t\t\t\t\t\t\t\t\t\t\t\t<h3 class=\"uagb-timeline__heading\" >\n\t\t\t\t\t<a href=\"https:\/\/terralivha.pt\/pt-pt\/a-compra-do-terreno-uma-grande-aventura-que-acabou-com-sucesso-gracas-ao-apoio-da-comunidade-%f0%9f%92%9b%f0%9f%8e%89\/\" target=\"_self\" rel=\"noopener noreferrer\">A compra do terreno! Uma grande aventura bem sucedida, gra\u00e7as ao grande apoio da comunidadee \ud83d\udc9b\ud83c\udf89<\/a>\n\t\t\t\t<\/h3>\n\t\t\t\t\t\t\t\t\t\t<div class=\"uagb-timeline-desc-content\">\n\t\t\t\t<p>Ap\u00f3s a descoberta do terreno em 2019, e de, juntamente com a comunidade, ser tomada a decis\u00e3o de avan\u00e7ar com a sua compra, chegou o momento de colocar m\u00e3os \u00e0 obra para tornar este belo projeto realidade \ud83d\ude0a. Decidimos que seriamos n\u00f3s pr\u00f3prios a financiar a compra do terreno, para&#8230;\t\t\t<\/div>\n\t\t\t\t\t\t<div class=\"uagb-timeline__link_parent wp-block-button\">\n\t\t\t\t<a class=\"uagb-timeline__link wp-block-button__link\" style=\"\" href=\"https:\/\/terralivha.pt\/pt-pt\/a-compra-do-terreno-uma-grande-aventura-que-acabou-com-sucesso-gracas-ao-apoio-da-comunidade-%f0%9f%92%9b%f0%9f%8e%89\/\" target=\"_self\" rel=\" noopener noreferrer\">Ler o artigo<\/a>\n\t\t\t<\/div>\n\t\t\t\t\t\t\t\t\t\t\t<div class = \"uagb-timeline__arrow\"><\/div>\n\t\t\t\t\t\t<\/div>\n\t\t\t\t\t<\/div>\n\t\t\t\t\t\t\t\t<\/article>\n\t\t\t\t\t\t<article class = \"uagb-timeline__field  uagb-timeline__left\">\n\t\t\t\t\t\t\t\t<div class = \"uagb-timeline__marker uagb-timeline__out-view-icon\" >\n\t\t\t\t<span class = \"uagb-timeline__icon-new uagb-timeline__out-view-icon\" >\t\t\t\t<svg xmlns=\"https:\/\/www.w3.org\/2000\/svg\" viewBox= \"0 0 448 512\"><path d=\"M160 32V64H288V32C288 14.33 302.3 0 320 0C337.7 0 352 14.33 352 32V64H400C426.5 64 448 85.49 448 112V160H0V112C0 85.49 21.49 64 48 64H96V32C96 14.33 110.3 0 128 0C145.7 0 160 14.33 160 32zM0 192H448V464C448 490.5 426.5 512 400 512H48C21.49 512 0 490.5 0 464V192zM64 304C64 312.8 71.16 320 80 320H112C120.8 320 128 312.8 128 304V272C128 263.2 120.8 256 112 256H80C71.16 256 64 263.2 64 272V304zM192 304C192 312.8 199.2 320 208 320H240C248.8 320 256 312.8 256 304V272C256 263.2 248.8 256 240 256H208C199.2 256 192 263.2 192 272V304zM336 256C327.2 256 320 263.2 320 272V304C320 312.8 327.2 320 336 320H368C376.8 320 384 312.8 384 304V272C384 263.2 376.8 256 368 256H336zM64 432C64 440.8 71.16 448 80 448H112C120.8 448 128 440.8 128 432V400C128 391.2 120.8 384 112 384H80C71.16 384 64 391.2 64 400V432zM208 384C199.2 384 192 391.2 192 400V432C192 440.8 199.2 448 208 448H240C248.8 448 256 440.8 256 432V400C256 391.2 248.8 384 240 384H208zM320 432C320 440.8 327.2 448 336 448H368C376.8 448 384 440.8 384 432V400C384 391.2 376.8 384 368 384H336C327.2 384 320 391.2 320 400V432z\"><\/path><\/svg>\n\t\t\t\t<\/span>\n\t\t\t<\/div>\n\t\t\t\t\t\t\t\t<div class = \"uagb-timeline__day-new uagb-timeline__day-left uagb-timeline__events-inner-new\" >\n\t\t\t\t\t\t<div class=\"uagb-timeline__events-inner--content\">\n\t\t\t\t\t\t\t\t\t\t\t<div datetime=\"2023-12-09T14:05:06+00:00\" class=\"uagb-timeline__date-hide uagb-timeline__inner-date-new\">\n\t\t\t\tDezembro 9, 2023\t\t\t<\/div>\n\t\t\t\t\t\t\t\t\t\t\t\t\t\t<a class='uagb-timeline__image' href=\"https:\/\/terralivha.pt\/pt-pt\/lagos-naturais-uma-opcao-viavel-para-ter-agua-em-abundancia\/\" target=\"_self\" rel=\"noopener noreferrer\"><img loading=\"lazy\" decoding=\"async\" width=\"300\" height=\"212\" src=\"https:\/\/terralivha.pt\/wp-content\/uploads\/2023\/12\/Dessin-Marie-Laure-lac-1.jpg\" class=\"attachment-medium size-medium\" alt=\"\" srcset=\"https:\/\/terralivha.pt\/wp-content\/uploads\/2023\/12\/Dessin-Marie-Laure-lac-1.jpg 9921w, https:\/\/terralivha.pt\/wp-content\/uploads\/2023\/12\/Dessin-Marie-Laure-lac-1-566x400.jpg 566w\" sizes=\"auto, (max-width: 300px) 100vw, 300px\" \/>\t\t\t\t<\/a>\n\t\t\t\t\t\t\t\t\t\t\t\t\t\t\t\t\t\t\t<h3 class=\"uagb-timeline__heading\" >\n\t\t\t\t\t<a href=\"https:\/\/terralivha.pt\/pt-pt\/lagos-naturais-uma-opcao-viavel-para-ter-agua-em-abundancia\/\" target=\"_self\" rel=\"noopener noreferrer\">Lagos naturais \u2013 uma op\u00e7\u00e3o vi\u00e1vel para ter \u00e1gua em abund\u00e2ncia?<\/a>\n\t\t\t\t<\/h3>\n\t\t\t\t\t\t\t\t\t\t<div class=\"uagb-timeline-desc-content\">\n\t\t\t\t<p>Desde o in\u00edcio do projeto, a quest\u00e3o da \u00e1gua foi considerada fundamental para o seu sucesso. Com a presen\u00e7a potencial, a longo prazo, de umas centenas de pessoas de forma tempor\u00e1ria, e 100 a 200 pessoas de forma permanente, \u00e9 evidente que haver\u00e1 um consumo de \u00e1gua significativo e isto&#8230;\t\t\t<\/div>\n\t\t\t\t\t\t<div class=\"uagb-timeline__link_parent wp-block-button\">\n\t\t\t\t<a class=\"uagb-timeline__link wp-block-button__link\" style=\"\" href=\"https:\/\/terralivha.pt\/pt-pt\/lagos-naturais-uma-opcao-viavel-para-ter-agua-em-abundancia\/\" target=\"_self\" rel=\" noopener noreferrer\">Ler o artigo<\/a>\n\t\t\t<\/div>\n\t\t\t\t\t\t\t\t\t\t\t<div class = \"uagb-timeline__arrow\"><\/div>\n\t\t\t\t\t\t<\/div>\n\t\t\t\t\t<\/div>\n\t\t\t\t\t\t\t\t<\/article>\n\t\t\t\t\t\t<article class = \"uagb-timeline__field  uagb-timeline__left\">\n\t\t\t\t\t\t\t\t<div class = \"uagb-timeline__marker uagb-timeline__out-view-icon\" >\n\t\t\t\t<span class = \"uagb-timeline__icon-new uagb-timeline__out-view-icon\" >\t\t\t\t<svg xmlns=\"https:\/\/www.w3.org\/2000\/svg\" viewBox= \"0 0 448 512\"><path d=\"M160 32V64H288V32C288 14.33 302.3 0 320 0C337.7 0 352 14.33 352 32V64H400C426.5 64 448 85.49 448 112V160H0V112C0 85.49 21.49 64 48 64H96V32C96 14.33 110.3 0 128 0C145.7 0 160 14.33 160 32zM0 192H448V464C448 490.5 426.5 512 400 512H48C21.49 512 0 490.5 0 464V192zM64 304C64 312.8 71.16 320 80 320H112C120.8 320 128 312.8 128 304V272C128 263.2 120.8 256 112 256H80C71.16 256 64 263.2 64 272V304zM192 304C192 312.8 199.2 320 208 320H240C248.8 320 256 312.8 256 304V272C256 263.2 248.8 256 240 256H208C199.2 256 192 263.2 192 272V304zM336 256C327.2 256 320 263.2 320 272V304C320 312.8 327.2 320 336 320H368C376.8 320 384 312.8 384 304V272C384 263.2 376.8 256 368 256H336zM64 432C64 440.8 71.16 448 80 448H112C120.8 448 128 440.8 128 432V400C128 391.2 120.8 384 112 384H80C71.16 384 64 391.2 64 400V432zM208 384C199.2 384 192 391.2 192 400V432C192 440.8 199.2 448 208 448H240C248.8 448 256 440.8 256 432V400C256 391.2 248.8 384 240 384H208zM320 432C320 440.8 327.2 448 336 448H368C376.8 448 384 440.8 384 432V400C384 391.2 376.8 384 368 384H336C327.2 384 320 391.2 320 400V432z\"><\/path><\/svg>\n\t\t\t\t<\/span>\n\t\t\t<\/div>\n\t\t\t\t\t\t\t\t<div class = \"uagb-timeline__day-new uagb-timeline__day-left uagb-timeline__events-inner-new\" >\n\t\t\t\t\t\t<div class=\"uagb-timeline__events-inner--content\">\n\t\t\t\t\t\t\t\t\t\t\t<div datetime=\"2023-12-09T13:41:25+00:00\" class=\"uagb-timeline__date-hide uagb-timeline__inner-date-new\">\n\t\t\t\tDezembro 9, 2023\t\t\t<\/div>\n\t\t\t\t\t\t\t\t\t\t\t\t\t\t<a class='uagb-timeline__image' href=\"https:\/\/terralivha.pt\/pt-pt\/uma-visita-aprofundada-ao-terreno-para-visualizar-o-projeto-como-um-todo\/\" target=\"_self\" rel=\"noopener noreferrer\"><img loading=\"lazy\" decoding=\"async\" width=\"300\" height=\"169\" src=\"https:\/\/terralivha.pt\/wp-content\/uploads\/2023\/12\/00000267-PHOTO-2019-09-19-16-05-28-300x169.jpg\" class=\"attachment-medium size-medium\" alt=\"\" srcset=\"https:\/\/terralivha.pt\/wp-content\/uploads\/2023\/12\/00000267-PHOTO-2019-09-19-16-05-28-300x169.jpg 300w, https:\/\/terralivha.pt\/wp-content\/uploads\/2023\/12\/00000267-PHOTO-2019-09-19-16-05-28-1024x577.jpg 1024w, https:\/\/terralivha.pt\/wp-content\/uploads\/2023\/12\/00000267-PHOTO-2019-09-19-16-05-28-768x432.jpg 768w, https:\/\/terralivha.pt\/wp-content\/uploads\/2023\/12\/00000267-PHOTO-2019-09-19-16-05-28-1536x865.jpg 1536w, https:\/\/terralivha.pt\/wp-content\/uploads\/2023\/12\/00000267-PHOTO-2019-09-19-16-05-28-710x400.jpg 710w, https:\/\/terralivha.pt\/wp-content\/uploads\/2023\/12\/00000267-PHOTO-2019-09-19-16-05-28.jpg 1600w\" sizes=\"auto, (max-width: 300px) 100vw, 300px\" \/>\t\t\t\t<\/a>\n\t\t\t\t\t\t\t\t\t\t\t\t\t\t\t\t\t\t\t<h3 class=\"uagb-timeline__heading\" >\n\t\t\t\t\t<a href=\"https:\/\/terralivha.pt\/pt-pt\/uma-visita-aprofundada-ao-terreno-para-visualizar-o-projeto-como-um-todo\/\" target=\"_self\" rel=\"noopener noreferrer\">Uma visita aprofundada ao terreno para visualizar o projeto como um todo<\/a>\n\t\t\t\t<\/h3>\n\t\t\t\t\t\t\t\t\t\t<div class=\"uagb-timeline-desc-content\">\n\t\t\t\t<p>Em setembro de 2019, quando inici\u00e1mos as negocia\u00e7\u00f5es para a compra do terreno, um grupo de n\u00f3s decidiu visitar o local, com a autoriza\u00e7\u00e3o do propriet\u00e1rio, para fazer uma an\u00e1lise mais aprofundada do seu conjunto. Foram necess\u00e1rios v\u00e1rios dias, pois o terreno \u00e9 vasto e cheio de pequenas \u00e1reas muito&#8230;\t\t\t<\/div>\n\t\t\t\t\t\t<div class=\"uagb-timeline__link_parent wp-block-button\">\n\t\t\t\t<a class=\"uagb-timeline__link wp-block-button__link\" style=\"\" href=\"https:\/\/terralivha.pt\/pt-pt\/uma-visita-aprofundada-ao-terreno-para-visualizar-o-projeto-como-um-todo\/\" target=\"_self\" rel=\" noopener noreferrer\">Ler o artigo<\/a>\n\t\t\t<\/div>\n\t\t\t\t\t\t\t\t\t\t\t<div class = \"uagb-timeline__arrow\"><\/div>\n\t\t\t\t\t\t<\/div>\n\t\t\t\t\t<\/div>\n\t\t\t\t\t\t\t\t<\/article>\n\t\t\t\t\t\t<article class = \"uagb-timeline__field  uagb-timeline__left\">\n\t\t\t\t\t\t\t\t<div class = \"uagb-timeline__marker uagb-timeline__out-view-icon\" >\n\t\t\t\t<span class = \"uagb-timeline__icon-new uagb-timeline__out-view-icon\" >\t\t\t\t<svg xmlns=\"https:\/\/www.w3.org\/2000\/svg\" viewBox= \"0 0 448 512\"><path d=\"M160 32V64H288V32C288 14.33 302.3 0 320 0C337.7 0 352 14.33 352 32V64H400C426.5 64 448 85.49 448 112V160H0V112C0 85.49 21.49 64 48 64H96V32C96 14.33 110.3 0 128 0C145.7 0 160 14.33 160 32zM0 192H448V464C448 490.5 426.5 512 400 512H48C21.49 512 0 490.5 0 464V192zM64 304C64 312.8 71.16 320 80 320H112C120.8 320 128 312.8 128 304V272C128 263.2 120.8 256 112 256H80C71.16 256 64 263.2 64 272V304zM192 304C192 312.8 199.2 320 208 320H240C248.8 320 256 312.8 256 304V272C256 263.2 248.8 256 240 256H208C199.2 256 192 263.2 192 272V304zM336 256C327.2 256 320 263.2 320 272V304C320 312.8 327.2 320 336 320H368C376.8 320 384 312.8 384 304V272C384 263.2 376.8 256 368 256H336zM64 432C64 440.8 71.16 448 80 448H112C120.8 448 128 440.8 128 432V400C128 391.2 120.8 384 112 384H80C71.16 384 64 391.2 64 400V432zM208 384C199.2 384 192 391.2 192 400V432C192 440.8 199.2 448 208 448H240C248.8 448 256 440.8 256 432V400C256 391.2 248.8 384 240 384H208zM320 432C320 440.8 327.2 448 336 448H368C376.8 448 384 440.8 384 432V400C384 391.2 376.8 384 368 384H336C327.2 384 320 391.2 320 400V432z\"><\/path><\/svg>\n\t\t\t\t<\/span>\n\t\t\t<\/div>\n\t\t\t\t\t\t\t\t<div class = \"uagb-timeline__day-new uagb-timeline__day-left uagb-timeline__events-inner-new\" >\n\t\t\t\t\t\t<div class=\"uagb-timeline__events-inner--content\">\n\t\t\t\t\t\t\t\t\t\t\t<div datetime=\"2023-12-09T13:21:12+00:00\" class=\"uagb-timeline__date-hide uagb-timeline__inner-date-new\">\n\t\t\t\tDezembro 9, 2023\t\t\t<\/div>\n\t\t\t\t\t\t\t\t\t\t\t\t\t\t<a class='uagb-timeline__image' href=\"https:\/\/terralivha.pt\/pt-pt\/a-procura-do-terreno-ideal-para-o-projeto-%f0%9f%9a%97%f0%9f%8c%8d\/\" target=\"_self\" rel=\"noopener noreferrer\"><img loading=\"lazy\" decoding=\"async\" width=\"300\" height=\"209\" src=\"https:\/\/terralivha.pt\/wp-content\/uploads\/2023\/12\/juin18_01-Copie-300x209.jpg\" class=\"attachment-medium size-medium\" alt=\"\" srcset=\"https:\/\/terralivha.pt\/wp-content\/uploads\/2023\/12\/juin18_01-Copie-300x209.jpg 300w, https:\/\/terralivha.pt\/wp-content\/uploads\/2023\/12\/juin18_01-Copie-768x534.jpg 768w, https:\/\/terralivha.pt\/wp-content\/uploads\/2023\/12\/juin18_01-Copie-575x400.jpg 575w, https:\/\/terralivha.pt\/wp-content\/uploads\/2023\/12\/juin18_01-Copie.jpg 1007w\" sizes=\"auto, (max-width: 300px) 100vw, 300px\" \/>\t\t\t\t<\/a>\n\t\t\t\t\t\t\t\t\t\t\t\t\t\t\t\t\t\t\t<h3 class=\"uagb-timeline__heading\" >\n\t\t\t\t\t<a href=\"https:\/\/terralivha.pt\/pt-pt\/a-procura-do-terreno-ideal-para-o-projeto-%f0%9f%9a%97%f0%9f%8c%8d\/\" target=\"_self\" rel=\"noopener noreferrer\">\u00c0 procura do terreno ideal para o projeto&#8230; \ud83d\ude97\ud83c\udf0d<\/a>\n\t\t\t\t<\/h3>\n\t\t\t\t\t\t\t\t\t\t<div class=\"uagb-timeline-desc-content\">\n\t\t\t\t<p>Bem-vindos a este primeiro artigo deste blog, no qual partilhamos convosco algumas perip\u00e9cias da fase preparat\u00f3ria do projeto. Como foi partilhado com mais pormenor na p\u00e1gina \u201cvis\u00e3o e hist\u00f3ria do projeto\u201d, a vis\u00e3o do projeto surgiu em janeiro de 2017. Nesse momento, come\u00e7\u00e1mos a definir um certo n\u00famero de objetivos&#8230;\t\t\t<\/div>\n\t\t\t\t\t\t<div class=\"uagb-timeline__link_parent wp-block-button\">\n\t\t\t\t<a class=\"uagb-timeline__link wp-block-button__link\" style=\"\" href=\"https:\/\/terralivha.pt\/pt-pt\/a-procura-do-terreno-ideal-para-o-projeto-%f0%9f%9a%97%f0%9f%8c%8d\/\" target=\"_self\" rel=\" noopener noreferrer\">Ler o artigo<\/a>\n\t\t\t<\/div>\n\t\t\t\t\t\t\t\t\t\t\t<div class = \"uagb-timeline__arrow\"><\/div>\n\t\t\t\t\t\t<\/div>\n\t\t\t\t\t<\/div>\n\t\t\t\t\t\t\t\t<\/article>\n\t\t\t\t\t\t<article class = \"uagb-timeline__field  uagb-timeline__left\">\n\t\t\t\t\t\t\t\t<div class = \"uagb-timeline__marker uagb-timeline__out-view-icon\" >\n\t\t\t\t<span class = \"uagb-timeline__icon-new uagb-timeline__out-view-icon\" >\t\t\t\t<svg xmlns=\"https:\/\/www.w3.org\/2000\/svg\" viewBox= \"0 0 448 512\"><path d=\"M160 32V64H288V32C288 14.33 302.3 0 320 0C337.7 0 352 14.33 352 32V64H400C426.5 64 448 85.49 448 112V160H0V112C0 85.49 21.49 64 48 64H96V32C96 14.33 110.3 0 128 0C145.7 0 160 14.33 160 32zM0 192H448V464C448 490.5 426.5 512 400 512H48C21.49 512 0 490.5 0 464V192zM64 304C64 312.8 71.16 320 80 320H112C120.8 320 128 312.8 128 304V272C128 263.2 120.8 256 112 256H80C71.16 256 64 263.2 64 272V304zM192 304C192 312.8 199.2 320 208 320H240C248.8 320 256 312.8 256 304V272C256 263.2 248.8 256 240 256H208C199.2 256 192 263.2 192 272V304zM336 256C327.2 256 320 263.2 320 272V304C320 312.8 327.2 320 336 320H368C376.8 320 384 312.8 384 304V272C384 263.2 376.8 256 368 256H336zM64 432C64 440.8 71.16 448 80 448H112C120.8 448 128 440.8 128 432V400C128 391.2 120.8 384 112 384H80C71.16 384 64 391.2 64 400V432zM208 384C199.2 384 192 391.2 192 400V432C192 440.8 199.2 448 208 448H240C248.8 448 256 440.8 256 432V400C256 391.2 248.8 384 240 384H208zM320 432C320 440.8 327.2 448 336 448H368C376.8 448 384 440.8 384 432V400C384 391.2 376.8 384 368 384H336C327.2 384 320 391.2 320 400V432z\"><\/path><\/svg>\n\t\t\t\t<\/span>\n\t\t\t<\/div>\n\t\t\t\t\t\t\t\t<div class = \"uagb-timeline__day-new uagb-timeline__day-left uagb-timeline__events-inner-new\" >\n\t\t\t\t\t\t<div class=\"uagb-timeline__events-inner--content\">\n\t\t\t\t\t\t\t\t\t\t\t<div datetime=\"2023-12-09T13:10:19+00:00\" class=\"uagb-timeline__date-hide uagb-timeline__inner-date-new\">\n\t\t\t\tDezembro 9, 2023\t\t\t<\/div>\n\t\t\t\t\t\t\t\t\t\t\t\t\t\t<a class='uagb-timeline__image' href=\"https:\/\/terralivha.pt\/pt-pt\/bem-vindo-ao-blog-do-projeto-terra-livha-%f0%9f%a4%97\/\" target=\"_self\" rel=\"noopener noreferrer\"><img loading=\"lazy\" decoding=\"async\" width=\"300\" height=\"225\" src=\"https:\/\/terralivha.pt\/wp-content\/uploads\/2023\/11\/20231121_111244-horizontale-300x225.png\" class=\"attachment-medium size-medium\" alt=\"\" srcset=\"https:\/\/terralivha.pt\/wp-content\/uploads\/2023\/11\/20231121_111244-horizontale-300x225.png 300w, https:\/\/terralivha.pt\/wp-content\/uploads\/2023\/11\/20231121_111244-horizontale-1024x768.png 1024w, https:\/\/terralivha.pt\/wp-content\/uploads\/2023\/11\/20231121_111244-horizontale-768x576.png 768w, https:\/\/terralivha.pt\/wp-content\/uploads\/2023\/11\/20231121_111244-horizontale-1536x1152.png 1536w, https:\/\/terralivha.pt\/wp-content\/uploads\/2023\/11\/20231121_111244-horizontale-2048x1536.png 2048w, https:\/\/terralivha.pt\/wp-content\/uploads\/2023\/11\/20231121_111244-horizontale-533x400.png 533w\" sizes=\"auto, (max-width: 300px) 100vw, 300px\" \/>\t\t\t\t<\/a>\n\t\t\t\t\t\t\t\t\t\t\t\t\t\t\t\t\t\t\t<h3 class=\"uagb-timeline__heading\" >\n\t\t\t\t\t<a href=\"https:\/\/terralivha.pt\/pt-pt\/bem-vindo-ao-blog-do-projeto-terra-livha-%f0%9f%a4%97\/\" target=\"_self\" rel=\"noopener noreferrer\">Bem-vindo ao blog do projeto Terra Livha \ud83e\udd17<\/a>\n\t\t\t\t<\/h3>\n\t\t\t\t\t\t\t\t\t\t<div class=\"uagb-timeline-desc-content\">\n\t\t\t\t<p>Caros\/as amigos\/as, temos o prazer de lan\u00e7ar uma s\u00e9rie de publica\u00e7\u00f5es para partilhar a evolu\u00e7\u00e3o do projeto Terra Livha. Aqui, partilharemos um resumo das principais atividades ligadas ao projeto, para que todos possam estar a par do seu progresso! Se quiser contribuir ou participar nas v\u00e1rias atividades, \u00e9 bem-vindo, para&#8230;\t\t\t<\/div>\n\t\t\t\t\t\t<div class=\"uagb-timeline__link_parent wp-block-button\">\n\t\t\t\t<a class=\"uagb-timeline__link wp-block-button__link\" style=\"\" href=\"https:\/\/terralivha.pt\/pt-pt\/bem-vindo-ao-blog-do-projeto-terra-livha-%f0%9f%a4%97\/\" target=\"_self\" rel=\" noopener noreferrer\">Ler o artigo<\/a>\n\t\t\t<\/div>\n\t\t\t\t\t\t\t\t\t\t\t<div class = \"uagb-timeline__arrow\"><\/div>\n\t\t\t\t\t\t<\/div>\n\t\t\t\t\t<\/div>\n\t\t\t\t\t\t\t\t<\/article>\n\t\t\t\t\t\t\t\t\t\t<div class = \"uagb-timeline__line\" >\n\t\t\t\t\t<div class = \"uagb-timeline__line__inner\"><\/div>\n\t\t\t\t<\/div>\n\t\t\t<\/div>\n\t\t\t<\/div><\/div>\n","protected":false},"excerpt":{"rendered":"<p>\u00daltimas not\u00edcias<\/p>\n","protected":false},"author":1,"featured_media":0,"parent":0,"menu_order":0,"comment_status":"closed","ping_status":"closed","template":"","meta":{"_uag_custom_page_level_css":"","site-sidebar-layout":"default","site-content-layout":"","ast-site-content-layout":"default","site-content-style":"default","site-sidebar-style":"default","ast-global-header-display":"","ast-banner-title-visibility":"","ast-main-header-display":"","ast-hfb-above-header-display":"","ast-hfb-below-header-display":"","ast-hfb-mobile-header-display":"","site-post-title":"disabled","ast-breadcrumbs-content":"","ast-featured-img":"","footer-sml-layout":"","ast-disable-related-posts":"","theme-transparent-header-meta":"","adv-header-id-meta":"","stick-header-meta":"","header-above-stick-meta":"","header-main-stick-meta":"","header-below-stick-meta":"","astra-migrate-meta-layouts":"set","ast-page-background-enabled":"default","ast-page-background-meta":{"desktop":{"background-color":"var(--ast-global-color-4)","background-image":"","background-repeat":"repeat","background-position":"center center","background-size":"auto","background-attachment":"scroll","background-type":"","background-media":"","overlay-type":"","overlay-color":"","overlay-opacity":"","overlay-gradient":""},"tablet":{"background-color":"","background-image":"","background-repeat":"repeat","background-position":"center center","background-size":"auto","background-attachment":"scroll","background-type":"","background-media":"","overlay-type":"","overlay-color":"","overlay-opacity":"","overlay-gradient":""},"mobile":{"background-color":"","background-image":"","background-repeat":"repeat","background-position":"center center","background-size":"auto","background-attachment":"scroll","background-type":"","background-media":"","overlay-type":"","overlay-color":"","overlay-opacity":"","overlay-gradient":""}},"ast-content-background-meta":{"desktop":{"background-color":"var(--ast-global-color-5)","background-image":"","background-repeat":"repeat","background-position":"center center","background-size":"auto","background-attachment":"scroll","background-type":"","background-media":"","overlay-type":"","overlay-color":"","overlay-opacity":"","overlay-gradient":""},"tablet":{"background-color":"var(--ast-global-color-5)","background-image":"","background-repeat":"repeat","background-position":"center center","background-size":"auto","background-attachment":"scroll","background-type":"","background-media":"","overlay-type":"","overlay-color":"","overlay-opacity":"","overlay-gradient":""},"mobile":{"background-color":"var(--ast-global-color-5)","background-image":"","background-repeat":"repeat","background-position":"center center","background-size":"auto","background-attachment":"scroll","background-type":"","background-media":"","overlay-type":"","overlay-color":"","overlay-opacity":"","overlay-gradient":""}},"footnotes":""},"class_list":["post-2107","page","type-page","status-publish","hentry"],"uagb_featured_image_src":{"full":false,"thumbnail":false,"medium":false,"medium_large":false,"large":false,"1536x1536":false,"2048x2048":false},"uagb_author_info":{"display_name":"livaTeradm99","author_link":"https:\/\/terralivha.pt\/pt-pt\/author\/livateradm99\/"},"uagb_comment_info":0,"uagb_excerpt":"\u00daltimas not\u00edcias","_links":{"self":[{"href":"https:\/\/terralivha.pt\/pt-pt\/wp-json\/wp\/v2\/pages\/2107","targetHints":{"allow":["GET"]}}],"collection":[{"href":"https:\/\/terralivha.pt\/pt-pt\/wp-json\/wp\/v2\/pages"}],"about":[{"href":"https:\/\/terralivha.pt\/pt-pt\/wp-json\/wp\/v2\/types\/page"}],"author":[{"embeddable":true,"href":"https:\/\/terralivha.pt\/pt-pt\/wp-json\/wp\/v2\/users\/1"}],"replies":[{"embeddable":true,"href":"https:\/\/terralivha.pt\/pt-pt\/wp-json\/wp\/v2\/comments?post=2107"}],"version-history":[{"count":5,"href":"https:\/\/terralivha.pt\/pt-pt\/wp-json\/wp\/v2\/pages\/2107\/revisions"}],"predecessor-version":[{"id":2508,"href":"https:\/\/terralivha.pt\/pt-pt\/wp-json\/wp\/v2\/pages\/2107\/revisions\/2508"}],"wp:attachment":[{"href":"https:\/\/terralivha.pt\/pt-pt\/wp-json\/wp\/v2\/media?parent=2107"}],"curies":[{"name":"wp","href":"https:\/\/api.w.org\/{rel}","templated":true}]}}