{"id":2120,"date":"2023-09-18T16:22:54","date_gmt":"2023-09-18T16:22:54","guid":{"rendered":"https:\/\/terralivha.pt\/visao-e-historia-do-projeto\/"},"modified":"2025-12-15T09:43:59","modified_gmt":"2025-12-15T09:43:59","slug":"visao-e-historia-do-projeto","status":"publish","type":"page","link":"https:\/\/terralivha.pt\/pt-pt\/visao-e-historia-do-projeto\/","title":{"rendered":"Origem e evolu\u00e7\u00e3o do projeto"},"content":{"rendered":"\n<div class=\"wp-block-uagb-container uagb-block-8de9c239 alignfull uagb-is-root-container\"><div class=\"uagb-container-inner-blocks-wrap\">\n<div class=\"wp-block-uagb-advanced-heading uagb-block-99148d6e\"><h1 class=\"uagb-heading-text\">Origem e evolu\u00e7\u00e3o do projeto<\/h1><\/div>\n<\/div><\/div>\n\n<div class=\"wp-block-uagb-container uagb-block-b5c3f7c2 alignfull uagb-is-root-container\"><div class=\"uagb-container-inner-blocks-wrap\">\n<p>Este projeto nasceu de uma vis\u00e3o de Quentin, que apareceu durante uma medita\u00e7\u00e3o no in\u00edcio do ano de 2017, nas margens de um rio nas montanhas do sul de Espanha.<\/p>\n\n\n\n<p class=\"has-text-align-center has-medium-font-size\" style=\"margin-top:var(--wp--preset--spacing--30);margin-bottom:var(--wp--preset--spacing--60)\"><em><strong>&#8220;Uma Terra onde todos possam viver felizes, conscientes e em harmonia uns com os outros e com a natureza.\u201d<\/strong><\/em><\/p>\n\n\n\n<p>A partir da\u00ed, no entusiasmo e num sentimento de alinhamento, outros seres juntaram-se a ele atrav\u00e9s desta vis\u00e3o que tamb\u00e9m fazia sentido nos seus cora\u00e7\u00f5es. Rapidamente surgiu um projeto extremamente completo e abrangente, no qual foram colocados todos os esfor\u00e7os para lhe dar vida. Alguns aspetos s\u00e3o para n\u00f3s fundamentais e consideramo-los essenciais para o sucesso deste projeto e que, de certa forma, descrevem as caracter\u00edsticas desta futura ecovila. Esses s\u00e3o:<\/p>\n\n\n\n<ul class=\"wp-block-list\">\n<li class=\"has-medium-font-size\"><strong>Pilares Interiores:<\/strong><\/li>\n<\/ul>\n\n\n\n<p style=\"margin-top:var(--wp--preset--spacing--40)\">Da experi\u00eancia de outros projetos de ecovila, sabemos que a parte mais dif\u00edcil n\u00e3o \u00e9 necessariamente a constru\u00e7\u00e3o f\u00edsica de um edif\u00edcio, nem, por exemplo. a cria\u00e7\u00e3o de um sistema de alimenta\u00e7\u00e3o aut\u00f3nomo atrav\u00e9s de um plano de permacultura. O mais dif\u00edcil \u00e9 o fator humano.<\/p>\n\n\n\n<p style=\"padding-top:0;padding-bottom:0\">Isto \u00e9 o que n\u00f3s chamamos de Pilares ou Funda\u00e7\u00f5es Interiores. \u00c9 necess\u00e1rio um grande trabalho interior de autoconhecimento, para que uma pessoa se possa imaginar a partilhar harmoniosamente o mesmo espa\u00e7o e o mesmo terreno com outras pessoas.<\/p>\n\n\n\n<p>Este projeto inspira-se nos valores espirituais partilhados pelo Quentin, que se baseiam na abertura do cora\u00e7\u00e3o e da consci\u00eancia, para que uma pessoa possa viver em harmonia consigo mesma e, consequentemente, com os que a rodeiam.<\/p>\n\n\n\n<p style=\"margin-top:0;margin-bottom:var(--wp--preset--spacing--50);padding-top:0;padding-bottom:0\">Ao construir uma base interior est\u00e1vel, atingimos 80-90% do sucesso deste projeto.<\/p>\n\n\n\n<ul class=\"wp-block-list\">\n<li class=\"has-medium-font-size\"><strong>Uma vis\u00e3o concreta e bem ancorada:<\/strong><\/li>\n<\/ul>\n\n\n\n<p class=\"has-text-align-left\" style=\"margin-top:var(--wp--preset--spacing--40)\">Embora seja essencial que este tipo de projeto se baseie num trabalho interior de abertura e eleva\u00e7\u00e3o da consci\u00eancia, por outro lado tamb\u00e9m queremos que seja uma experi\u00eancia viva e real que estabele\u00e7a um equil\u00edbrio entre \u201co C\u00e9u e a Terra&#8221;.<\/p>\n\n\n\n<p style=\"padding-top:0;padding-bottom:0\">Por outras palavras, n\u00e3o queremos ser um extremo do estilo &#8220;hippie&#8221;, que rejeita inteiramente o sistema sem qualquer discernimento, nem queremos ser o extremo oposto, demasiado materialista e que s\u00f3 v\u00ea o dinheiro por si s\u00f3.<\/p>\n\n\n\n<p style=\"margin-bottom:var(--wp--preset--spacing--50)\">Assim, estamos a trabalhar com entidades locais, para tentar que haja uma evolu\u00e7\u00e3o a favor da cria\u00e7\u00e3o, desenvolvimento e apoio a mais ecovilas, projetos regenerativos, comunit\u00e1rios e sociais.<\/p>\n\n\n\n<ul class=\"wp-block-list\">\n<li class=\"has-medium-font-size\"><strong>Co-criar, partilhar, redistribuir, transmitir:<\/strong><\/li>\n<\/ul>\n\n\n\n<p style=\"margin-top:var(--wp--preset--spacing--40)\">A ecovila \u00e9 tamb\u00e9m idealizada como um laborat\u00f3rio ao ar livre. Queremos partilhar e transmitir as nossas aprendizagens, experi\u00eancias e conhecimentos sobre a vida em conjunto, sobre desenvolvimento pessoal e coletivo, sobre permacultura, ecologia, constru\u00e7\u00e3o ecol\u00f3gica, gest\u00e3o eficaz da \u00e1gua e da energia, etc.<\/p>\n\n\n\n<p style=\"padding-top:0;padding-bottom:0\">Queremos que seja um lugar onde cada um possa encontrar o seu espa\u00e7o e desenvolver as suas capacidades e qualidades individuais, enquanto fortalece e contribui para a evolu\u00e7\u00e3o do coletivo.<\/p>\n\n\n\n<p>Defendemos que a \u00fanica forma de viver harmoniosamente em conjunto, e de avan\u00e7armos para uma sociedade mais consciente, \u00e9 atrav\u00e9s da escuta ativa, da abertura de cora\u00e7\u00e3o e de esp\u00edrito e do desenvolvimento de cada indiv\u00edduo. E isso come\u00e7a, naturalmente, por criarmos essa abertura em n\u00f3s pr\u00f3prios para podermos acolher os outros, e para ouvir o que nos faz verdadeiramente felizes.<\/p>\n\n\n\n<h2 class=\"wp-block-heading\" style=\"font-size:25px\"><strong>Datas importantes do desenvolvimento do projeto:<\/strong><\/h2>\n\n\n\n<ul class=\"wp-block-list\">\n<li><strong>2017<\/strong>: Nascimento da vis\u00e3o do projeto e in\u00edcio da procura de um terreno nas montanhas do sul de Espanha.<\/li>\n<\/ul>\n\n\n\n<ul class=\"wp-block-list\">\n<li><strong>2018 <\/strong>: Ap\u00f3s pesquisas infrut\u00edferas no sul de Espanha, procura-se terreno em Portugal, principalmente na regi\u00e3o sul do Alentejo.<\/li>\n<\/ul>\n\n\n\n<ul class=\"wp-block-list\">\n<li><strong>Junho 2019<\/strong> : Terreno de 80 hectares encontrado em Portugal, perto de Garv\u00e3o e Santa Luzia (munic\u00edpio de Ourique)<\/li>\n<\/ul>\n\n\n\n<ul class=\"wp-block-list\">\n<li><strong>Setembro 2019<\/strong>: Apresenta\u00e7\u00e3o do projeto \u00e0 comunidade interessada, e recolha dos primeiros donativos para a aquisi\u00e7\u00e3o deste terreno.<\/li>\n<\/ul>\n\n\n\n<ul class=\"wp-block-list\">\n<li><strong>Novembro 2019<\/strong>: Trabalho sobre a cria\u00e7\u00e3o de futuros lagos naturais potenciais durante uma semana no terreno, com estudo dos solos (O terreno ainda n\u00e3o foi comprado, mas temos o acordo pr\u00e9vio do propriet\u00e1rio para realizar estes primeiros trabalhos que d\u00e3o uma orienta\u00e7\u00e3o sobre a viabilidade do projeto ou n\u00e3o, e isso revelou-se muito positivo \ud83d\ude42 ). <\/li>\n<\/ul>\n\n\n\n<ul class=\"wp-block-list\">\n<li><strong>Mar\u00e7o 2020<\/strong>: Cria\u00e7\u00e3o da associa\u00e7\u00e3o portuguesa Living Harmony.<\/li>\n<\/ul>\n\n\n\n<ul class=\"wp-block-list\">\n<li><strong>De mar\u00e7o 2020 a 2021<\/strong>: Trabalho com arquitetos, advogados e com a C\u00e2mara Municipal, para apresenta\u00e7\u00e3o do projeto de ecovila com atividade tur\u00edstica.<\/li>\n<\/ul>\n\n\n\n<ul class=\"wp-block-list\">\n<li><strong>Setembro 2021<\/strong>: Dificuldade em chegar a acordo com o propriet\u00e1rio do terreno, e o nosso agente imobili\u00e1rio aconselha-nos a desistir.<\/li>\n<\/ul>\n\n\n\n<ul class=\"wp-block-list\">\n<li><strong>Novembro 2021<\/strong>: Finalmente chega-se a um acordo com o propriet\u00e1rio para a compra do terreno, em duas presta\u00e7\u00f5es durante 2 anos, na condi\u00e7\u00e3o de a C\u00e2mara Municipal aceitar a realiza\u00e7\u00e3o do projeto completo de ecovila.<\/li>\n<\/ul>\n\n\n\n<ul class=\"wp-block-list\">\n<li><strong>Abril 2022<\/strong> : Para nossa enorme satisfa\u00e7\u00e3o, a C\u00e2mara Municipal aceita o projeto. Est\u00e3o muito entusiasmados com a nossa inten\u00e7\u00e3o de recuperar este terreno rural, de regenerar a paisagem e a natureza, de criar um espa\u00e7o de turismo ecol\u00f3gico e de desenvolver todas as nossas ideias prometedoras, que est\u00e3o alinhadas com a estrat\u00e9gia e com os objetivos da regi\u00e3o.<\/li>\n<\/ul>\n\n\n\n<p style=\"padding-top:0;padding-bottom:0\">Recebemos, tamb\u00e9m, a autoriza\u00e7\u00e3o para construir o suficiente para a realiza\u00e7\u00e3o de todo o projeto, o que significa que podemos avan\u00e7ar com a ideia de desenvolver uma ecovila que pode acolher mais de uma centena de residentes (fam\u00edlias, crian\u00e7as, idosos), bem como visitantes para estadias de curta ou longa dura\u00e7\u00e3o, um centro de acolhimento para eventos e uma vasta gama de atividades, como a cria\u00e7\u00e3o de um restaurante e a transforma\u00e7\u00e3o e venda de produtos artesanais.<\/p>\n\n\n\n<ul class=\"wp-block-list\">\n<li><strong>Abril 2022<\/strong>: Recolha dos donativos necess\u00e1rios para cobrir o pagamento da primeira presta\u00e7\u00e3o da compra do terreno.<\/li>\n<\/ul>\n\n\n\n<ul class=\"wp-block-list\">\n<li><strong>Junho 2022<\/strong>: Decis\u00e3o de contratar a Pureza para trabalhar a tempo inteiro para a Associa\u00e7\u00e3o Living Harmony. Uma rapariga portuguesa que conhecemos 6 meses antes, e que, com entusiasmo e dedica\u00e7\u00e3o, nos ajuda a desenvolver este projeto.<\/li>\n<\/ul>\n\n\n\n<ul class=\"wp-block-list\">\n<li><strong>Setembro 2022:<\/strong> Primeira semana passada a acampar no terreno, com cerca de 15 pessoas que se identificam com o projeto. Foi uma experi\u00eancia magn\u00edfica! Foi uma experi\u00eancia magn\u00edfica!<\/li>\n<\/ul>\n\n\n\n<ul class=\"wp-block-list\">\n<li><strong>De outubro a dezembro 2022<\/strong>: Ao descobrir outros projetos semelhantes na regi\u00e3o, come\u00e7am a ser criadas cada vez mais contactos e liga\u00e7\u00f5es.<\/li>\n\n\n\n<li><strong>Abril 2023<\/strong>: Formaliza\u00e7\u00e3o da compra do terreno, com a assinatura da escritura. Foi uma grande alegria para toda a comunidade que contribuiu financeiramente para esta possibilidade.<\/li>\n<\/ul>\n\n\n\n<ul class=\"wp-block-list\">\n<li><strong>De janeiro 2023 at\u00e9 ao presente<\/strong>: As liga\u00e7\u00f5es com pessoas, associa\u00e7\u00f5es e projetos semelhantes na regi\u00e3o est\u00e3o em constante desenvolvimento, ajudando a criar sinergias e a partilhar experi\u00eancias.<\/li>\n<\/ul>\n\n\n\n<p style=\"padding-top:0;padding-bottom:0\">Assim, come\u00e7ou a ser criada uma equipa muito interessante, com um especialista em conserva\u00e7\u00e3o dos ecossistemas da regi\u00e3o e adapta\u00e7\u00e3o \u00e0s altera\u00e7\u00f5es clim\u00e1ticas. Ele trabalha come v\u00e1rias outras pessoas, cada uma com uma sensibilidade, intelig\u00eancia e experi\u00eancia \u00fanicas. Temos aprendido muito, o que se torna muito inspirador e motivador para todos n\u00f3s. <\/p>\n\n\n\n<p>Al\u00e9m disso, um arquiteto muito experiente juntou-se a este projeto, acrescentando a sua experi\u00eancia passada a desenvolver v\u00e1rias formas de constru\u00e7\u00e3o em terra (o material escolhido para desenvolver este projeto, juntamente com a madeira). <\/p>\n\n\n\n<p class=\"has-text-align-center has-medium-font-size\" style=\"padding-top:var(--wp--preset--spacing--20);padding-bottom:var(--wp--preset--spacing--20)\"><em><strong>A aventura continua\u2026<\/strong><\/em><\/p>\n\n\n\n<p><strong>Em curso: <\/strong><\/p>\n\n\n\n<ul class=\"wp-block-list\">\n<li>Elabora\u00e7\u00e3o dos planos de renova\u00e7\u00e3o e extens\u00e3o da ru\u00edna existente no terreno, com o objetivo de criar um primeiro centro de atividades e turismo, que servir\u00e1 como base para o desenvolvimento do resto do projeto.<\/li>\n<\/ul>\n\n\n\n<ul class=\"wp-block-list\">\n<li>Decis\u00e3o de arrendar um espa\u00e7o na regi\u00e3o, para acolher volunt\u00e1rios que querem ajudar a desenvolver o projeto.<\/li>\n<\/ul>\n\n\n\n<ul class=\"wp-block-list\">\n<li>Elabora\u00e7\u00e3o de v\u00e1rios planos para a regenera\u00e7\u00e3o da paisagem: um plano de regenera\u00e7\u00e3o do solo, de planta\u00e7\u00e3o de \u00e1rvores e arbustos, de poda e de prote\u00e7\u00e3o da flora existente, de recupera\u00e7\u00e3o das estradas e caminhos, e tamb\u00e9m um plano para cria\u00e7\u00e3o de um lago natural e para a prote\u00e7\u00e3o do lago existente.<\/li>\n<\/ul>\n<\/div><\/div>\n\n<p><\/p>\n\n<div class=\"wp-block-uagb-container uagb-block-3dbbd520 alignfull uagb-is-root-container\"><div class=\"uagb-container-inner-blocks-wrap\"><\/div><\/div>\n","protected":false},"excerpt":{"rendered":"<p>Origem e evolu\u00e7\u00e3o do projeto Este projeto nasceu de uma vis\u00e3o de Quentin, que apareceu durante uma medita\u00e7\u00e3o no in\u00edcio do ano de 2017, nas margens de um rio nas montanhas do sul de Espanha. &#8220;Uma Terra onde todos possam viver felizes, conscientes e em harmonia uns com os outros e com a natureza.\u201d A [&hellip;]<\/p>\n","protected":false},"author":1,"featured_media":0,"parent":0,"menu_order":0,"comment_status":"closed","ping_status":"closed","template":"","meta":{"_uag_custom_page_level_css":"","site-sidebar-layout":"default","site-content-layout":"","ast-site-content-layout":"default","site-content-style":"default","site-sidebar-style":"default","ast-global-header-display":"","ast-banner-title-visibility":"","ast-main-header-display":"","ast-hfb-above-header-display":"","ast-hfb-below-header-display":"","ast-hfb-mobile-header-display":"","site-post-title":"disabled","ast-breadcrumbs-content":"","ast-featured-img":"","footer-sml-layout":"","ast-disable-related-posts":"","theme-transparent-header-meta":"","adv-header-id-meta":"","stick-header-meta":"","header-above-stick-meta":"","header-main-stick-meta":"","header-below-stick-meta":"","astra-migrate-meta-layouts":"default","ast-page-background-enabled":"default","ast-page-background-meta":{"desktop":{"background-color":"var(--ast-global-color-4)","background-image":"","background-repeat":"repeat","background-position":"center center","background-size":"auto","background-attachment":"scroll","background-type":"","background-media":"","overlay-type":"","overlay-color":"","overlay-opacity":"","overlay-gradient":""},"tablet":{"background-color":"","background-image":"","background-repeat":"repeat","background-position":"center center","background-size":"auto","background-attachment":"scroll","background-type":"","background-media":"","overlay-type":"","overlay-color":"","overlay-opacity":"","overlay-gradient":""},"mobile":{"background-color":"","background-image":"","background-repeat":"repeat","background-position":"center center","background-size":"auto","background-attachment":"scroll","background-type":"","background-media":"","overlay-type":"","overlay-color":"","overlay-opacity":"","overlay-gradient":""}},"ast-content-background-meta":{"desktop":{"background-color":"var(--ast-global-color-5)","background-image":"","background-repeat":"repeat","background-position":"center center","background-size":"auto","background-attachment":"scroll","background-type":"","background-media":"","overlay-type":"","overlay-color":"","overlay-opacity":"","overlay-gradient":""},"tablet":{"background-color":"var(--ast-global-color-5)","background-image":"","background-repeat":"repeat","background-position":"center center","background-size":"auto","background-attachment":"scroll","background-type":"","background-media":"","overlay-type":"","overlay-color":"","overlay-opacity":"","overlay-gradient":""},"mobile":{"background-color":"var(--ast-global-color-5)","background-image":"","background-repeat":"repeat","background-position":"center center","background-size":"auto","background-attachment":"scroll","background-type":"","background-media":"","overlay-type":"","overlay-color":"","overlay-opacity":"","overlay-gradient":""}},"footnotes":""},"class_list":["post-2120","page","type-page","status-publish","hentry"],"uagb_featured_image_src":{"full":false,"thumbnail":false,"medium":false,"medium_large":false,"large":false,"1536x1536":false,"2048x2048":false},"uagb_author_info":{"display_name":"livaTeradm99","author_link":"https:\/\/terralivha.pt\/pt-pt\/author\/livateradm99\/"},"uagb_comment_info":0,"uagb_excerpt":"Origem e evolu\u00e7\u00e3o do projeto Este projeto nasceu de uma vis\u00e3o de Quentin, que apareceu durante uma medita\u00e7\u00e3o no in\u00edcio do ano de 2017, nas margens de um rio nas montanhas do sul de Espanha. &#8220;Uma Terra onde todos possam viver felizes, conscientes e em harmonia uns com os outros e com a natureza.\u201d A&hellip;","_links":{"self":[{"href":"https:\/\/terralivha.pt\/pt-pt\/wp-json\/wp\/v2\/pages\/2120","targetHints":{"allow":["GET"]}}],"collection":[{"href":"https:\/\/terralivha.pt\/pt-pt\/wp-json\/wp\/v2\/pages"}],"about":[{"href":"https:\/\/terralivha.pt\/pt-pt\/wp-json\/wp\/v2\/types\/page"}],"author":[{"embeddable":true,"href":"https:\/\/terralivha.pt\/pt-pt\/wp-json\/wp\/v2\/users\/1"}],"replies":[{"embeddable":true,"href":"https:\/\/terralivha.pt\/pt-pt\/wp-json\/wp\/v2\/comments?post=2120"}],"version-history":[{"count":22,"href":"https:\/\/terralivha.pt\/pt-pt\/wp-json\/wp\/v2\/pages\/2120\/revisions"}],"predecessor-version":[{"id":3699,"href":"https:\/\/terralivha.pt\/pt-pt\/wp-json\/wp\/v2\/pages\/2120\/revisions\/3699"}],"wp:attachment":[{"href":"https:\/\/terralivha.pt\/pt-pt\/wp-json\/wp\/v2\/media?parent=2120"}],"curies":[{"name":"wp","href":"https:\/\/api.w.org\/{rel}","templated":true}]}}